{"id":1894,"date":"2025-12-02T07:37:07","date_gmt":"2025-12-02T07:37:07","guid":{"rendered":"https:\/\/origin-of-cigar.com\/?page_id=1894"},"modified":"2025-12-02T13:33:46","modified_gmt":"2025-12-02T13:33:46","slug":"fotos-por-larranaga","status":"publish","type":"page","link":"https:\/\/origin-of-cigar.com\/fr\/fotos-geschichte-kubanischer-zigarrenmarken\/fotos-por-larranaga\/","title":{"rendered":"Photos Histoire de Por Larra\u00f1aga"},"content":{"rendered":"<h2 class=\"wp-block-heading\">Photos<\/h2>\n\n\n\n<p>Architecture et m\u00e9moire en images : de la premi\u00e8re adresse de la Calle O'Reilly 94 \u00e0 la maison iconique de l'Avenida Carlos III (aujourd'hui Avenida Salvador Allende), en passant par les ann\u00e9es de production \u00e0 Belascoa\u00edn - \u00e0 c\u00f4t\u00e9 de Romeo y Julieta. Fa\u00e7ade rose, arcs en plein cintre, vieille inscription - une histoire de luxe qui laisse des traces.<\/p>\n\n\n\n<figure class=\"wp-block-image size-full\"><img loading=\"lazy\" decoding=\"async\" width=\"1000\" height=\"827\" src=\"https:\/\/origin-of-cigar.com\/wp-content\/uploads\/2025\/12\/OOC-Por-Larranaga-0-Bild-1.jpg\" alt=\"Por Larra\u00f1aga, autrefois une marque de luxe et une r\u00e9f\u00e9rence mondiale pour l&#039;un des meilleurs cigares du monde.\" class=\"wp-image-1864\" srcset=\"https:\/\/origin-of-cigar.com\/wp-content\/uploads\/2025\/12\/OOC-Por-Larranaga-0-Bild-1.jpg 1000w, https:\/\/origin-of-cigar.com\/wp-content\/uploads\/2025\/12\/OOC-Por-Larranaga-0-Bild-1-300x248.jpg 300w, https:\/\/origin-of-cigar.com\/wp-content\/uploads\/2025\/12\/OOC-Por-Larranaga-0-Bild-1-768x635.jpg 768w, https:\/\/origin-of-cigar.com\/wp-content\/uploads\/2025\/12\/OOC-Por-Larranaga-0-Bild-1-15x12.jpg 15w, https:\/\/origin-of-cigar.com\/wp-content\/uploads\/2025\/12\/OOC-Por-Larranaga-0-Bild-1-624x516.jpg 624w\" sizes=\"auto, (max-width: 1000px) 100vw, 1000px\" \/><\/figure>\n\n\n\n<h2 class=\"wp-block-heading\">Histoire<\/h2>\n\n\n\n<p>Fond\u00e9 en 1834 par Ambrosio et Ignacio Larra\u00f1aga, Por Larra\u00f1aga est devenu le \u201ecigare par excellence\u201c et le synonyme de la culture raffin\u00e9e du Habano. Malgr\u00e9 les changements de propri\u00e9taires, le nom est rest\u00e9 ; la manufacture a ferm\u00e9 ses portes en 2004, mais la marque continue \u00e0 vivre dans quelques formats de caract\u00e8re - marquant le style depuis pr\u00e8s de deux si\u00e8cles.<\/p>\n\n\n\n<p>\ud83d\udc49 <strong><a href=\"https:\/\/origin-of-cigar.com\/fr\/por-larranaga-histoire\/\">Lire maintenant \ud83d\udc49 La fascinante histoire de Por Larra\u00f1aga - L\u00e9gende et mythe du plus c\u00e9l\u00e8bre cigare de Cuba<\/a><\/strong><\/p>\n\n\n<style type=\"text\/css\">\n#foogallery-gallery-1892.fg-masonry .fg-item { width: 250px; }\n#foogallery-gallery-1892.fg-masonry { --fg-gutter: 10px; }<\/style>\n\t\t\t<div class=\"foogallery foogallery-container foogallery-masonry foogallery-lightbox-foogallery fg-center fg-masonry fg-ready fg-dark fg-border-medium fg-round-small fg-shadow-outline fg-loading-default fg-loaded-fade-in fg-hover-semi-zoomed fg-captions-bottom fg-hover-fade fg-hover-zoom4 fg-fixed\" id=\"foogallery-gallery-1892\" data-foogallery=\"{&quot;item&quot;:{&quot;showCaptionTitle&quot;:true,&quot;showCaptionDescription&quot;:true},&quot;lazy&quot;:true,&quot;template&quot;:{&quot;columnWidth&quot;:250,&quot;gutter&quot;:10}}\" data-foogallery-lightbox=\"{&quot;theme&quot;:&quot;fg-dark&quot;,&quot;thumbs&quot;:&quot;bottom&quot;,&quot;thumbsCaptions&quot;:false,&quot;thumbsBestFit&quot;:false,&quot;thumbsSmall&quot;:false,&quot;thumbsCaptionsAlign&quot;:&quot;default&quot;,&quot;info&quot;:&quot;bottom&quot;,&quot;infoVisible&quot;:true,&quot;infoOverlay&quot;:true,&quot;infoAlign&quot;:&quot;default&quot;,&quot;transition&quot;:&quot;fade&quot;,&quot;hoverButtons&quot;:false,&quot;fitMedia&quot;:false,&quot;noScrollbars&quot;:true,&quot;preserveButtonSpace&quot;:true,&quot;buttons&quot;:{&quot;fullscreen&quot;:true,&quot;info&quot;:true,&quot;thumbs&quot;:false},&quot;video&quot;:{&quot;autoPlay&quot;:true}}\" style=\"--fg-title-line-clamp: 1; --fg-description-line-clamp: 2;\" >\n\t\t<div class=\"fg-item fg-type-image fg-idle\"><figure class=\"fg-item-inner\"><a href=\"https:\/\/origin-of-cigar.com\/wp-content\/uploads\/2025\/12\/OOC-Por-Larranaga-0-Bild-1.jpg\" data-caption-desc=\"Por Larra\u00f1aga, ehemals eine Luxusmarke und weltweit ein Begriff f\u00fcr eine der besten Zigarren der Welt.\" data-attachment-id=\"1864\" data-type=\"image\" class=\"fg-thumb\"><span class=\"fg-image-wrap\"><img fetchpriority=\"high\" decoding=\"async\" alt=\"Por Larra\u00f1aga, autrefois une marque de luxe et une r\u00e9f\u00e9rence mondiale pour l&#039;un des meilleurs cigares du monde.\" width=\"250\" height=\"207\" class=\"skip-lazy fg-image\" data-src-fg=\"https:\/\/origin-of-cigar.com\/wp-content\/uploads\/cache\/2025\/12\/OOC-Por-Larranaga-0-Bild-1\/292605058.jpg\" src=\"data:image\/svg+xml,%3Csvg%20xmlns%3D%22http%3A%2F%2Fwww.w3.org%2F2000%2Fsvg%22%20width%3D%22250%22%20height%3D%22207%22%20viewBox%3D%220%200%20250%20207%22%3E%3C%2Fsvg%3E\" loading=\"eager\"><\/span><span class=\"fg-image-overlay\"><\/span><\/a><figcaption class=\"fg-caption\"><div class=\"fg-caption-inner\"><div class=\"fg-caption-desc\">Por Larra\u00f1aga, autrefois une marque de luxe et une r\u00e9f\u00e9rence mondiale pour l'un des meilleurs cigares du monde.<\/div><\/div><\/figcaption><\/figure><div class=\"fg-loader\"><\/div><\/div><div class=\"fg-item fg-type-image fg-idle\"><figure class=\"fg-item-inner\"><a href=\"https:\/\/origin-of-cigar.com\/wp-content\/uploads\/2025\/12\/OOC-Por-Larranaga-0-Bild-2.jpg\" data-caption-desc=\"Dies das vereinfachte Logo der Marke Por Larra\u00f1aga. Der Schriftzug, darunter der Zweig mit paarig angeordneten Bl\u00e4ttern. Es findet sich kein Hinweis darauf, welchen Baum oder Strauch dies darstellen soll.\" data-attachment-id=\"1865\" data-type=\"image\" class=\"fg-thumb\"><span class=\"fg-image-wrap\"><img decoding=\"async\" alt=\"Voici le logo simplifi\u00e9 de la marque Por Larra\u00f1aga. L&#039;inscription et, en dessous, la branche avec des feuilles dispos\u00e9es par paires. Il n&#039;y a aucune indication sur l&#039;arbre ou l&#039;arbuste que cela repr\u00e9sente.\" width=\"250\" height=\"177\" class=\"skip-lazy fg-image\" data-src-fg=\"https:\/\/origin-of-cigar.com\/wp-content\/uploads\/cache\/2025\/12\/OOC-Por-Larranaga-0-Bild-2\/1771142323.jpg\" src=\"data:image\/svg+xml,%3Csvg%20xmlns%3D%22http%3A%2F%2Fwww.w3.org%2F2000%2Fsvg%22%20width%3D%22250%22%20height%3D%22177%22%20viewBox%3D%220%200%20250%20177%22%3E%3C%2Fsvg%3E\" loading=\"eager\"><\/span><span class=\"fg-image-overlay\"><\/span><\/a><figcaption class=\"fg-caption\"><div class=\"fg-caption-inner\"><div class=\"fg-caption-desc\">Voici le logo simplifi\u00e9 de la marque Por Larra\u00f1aga. L'inscription et, en dessous, la branche avec des feuilles dispos\u00e9es par paires. Il n'y a aucune indication sur l'arbre ou l'arbuste que cela repr\u00e9sente.<\/div><\/div><\/figcaption><\/figure><div class=\"fg-loader\"><\/div><\/div><div class=\"fg-item fg-type-image fg-idle\"><figure class=\"fg-item-inner\"><a href=\"https:\/\/origin-of-cigar.com\/wp-content\/uploads\/2025\/12\/OOC-Por-Larranaga-0-Bild-3-Kipling.jpg\" data-caption-desc=\"\u201eThere is peace in a Larra\u00f1aga\u201c, so der ber\u00fchmte Ausspruch des Weltautors Rudyard Kipling, ein Fan dieser Zigarren.\" data-attachment-id=\"1866\" data-type=\"image\" class=\"fg-thumb\"><span class=\"fg-image-wrap\"><img decoding=\"async\" alt=\"\u201eThere is peace in a Larra\u00f1aga\u201c, selon la c\u00e9l\u00e8bre phrase de l&#039;auteur mondial Rudyard Kipling, fan de ces cigares.\" width=\"250\" height=\"290\" class=\"skip-lazy fg-image\" data-src-fg=\"https:\/\/origin-of-cigar.com\/wp-content\/uploads\/cache\/2025\/12\/OOC-Por-Larranaga-0-Bild-3-Kipling\/4249792026.jpg\" src=\"data:image\/svg+xml,%3Csvg%20xmlns%3D%22http%3A%2F%2Fwww.w3.org%2F2000%2Fsvg%22%20width%3D%22250%22%20height%3D%22290%22%20viewBox%3D%220%200%20250%20290%22%3E%3C%2Fsvg%3E\" loading=\"eager\"><\/span><span class=\"fg-image-overlay\"><\/span><\/a><figcaption class=\"fg-caption\"><div class=\"fg-caption-inner\"><div class=\"fg-caption-desc\">\u201eThere is peace in a Larra\u00f1aga\u201c, selon la c\u00e9l\u00e8bre phrase de l'auteur mondial Rudyard Kipling, fan de ces cigares.<\/div><\/div><\/figcaption><\/figure><div class=\"fg-loader\"><\/div><\/div><div class=\"fg-item fg-type-image fg-idle\"><figure class=\"fg-item-inner\"><a href=\"https:\/\/origin-of-cigar.com\/wp-content\/uploads\/2025\/12\/OOC-Por-Larranaga-0-Bild-4-Roosevelt.jpg\" data-caption-desc=\"Auch Theodor \u201cTeddy\u201d Roosevelt, amerikanischer Pr\u00e4sident, liebte die Zigarren der Marke Por Larra\u00f1aga.\" data-attachment-id=\"1867\" data-type=\"image\" class=\"fg-thumb\"><span class=\"fg-image-wrap\"><img decoding=\"async\" alt=\"Theodor \u201cTeddy\u201d Roosevelt, pr\u00e9sident am\u00e9ricain, aimait lui aussi les cigares de la marque Por Larra\u00f1aga.\" width=\"250\" height=\"330\" class=\"skip-lazy fg-image\" data-src-fg=\"https:\/\/origin-of-cigar.com\/wp-content\/uploads\/cache\/2025\/12\/OOC-Por-Larranaga-0-Bild-4-Roosevelt\/195837299.jpg\" src=\"data:image\/svg+xml,%3Csvg%20xmlns%3D%22http%3A%2F%2Fwww.w3.org%2F2000%2Fsvg%22%20width%3D%22250%22%20height%3D%22330%22%20viewBox%3D%220%200%20250%20330%22%3E%3C%2Fsvg%3E\" loading=\"eager\"><\/span><span class=\"fg-image-overlay\"><\/span><\/a><figcaption class=\"fg-caption\"><div class=\"fg-caption-inner\"><div class=\"fg-caption-desc\">Theodor \u201cTeddy\u201d Roosevelt, pr\u00e9sident am\u00e9ricain, aimait lui aussi les cigares de la marque Por Larra\u00f1aga.<\/div><\/div><\/figcaption><\/figure><div class=\"fg-loader\"><\/div><\/div><div class=\"fg-item fg-type-image fg-idle\"><figure class=\"fg-item-inner\"><a href=\"https:\/\/origin-of-cigar.com\/wp-content\/uploads\/2025\/12\/OOC-Por-Larranaga-1-Reilly-1.jpg\" data-caption-desc=\"In einem solchen kleinen Haus, damals die Calle O\u00b4Reilly No.94, gr\u00fcndete Ignacio Larra\u00f1aga 1834 seine erste Zigarrenmanufaktur, in guter Lage in Havannas heutiger Altstadt.\" data-attachment-id=\"1868\" data-type=\"image\" class=\"fg-thumb\"><span class=\"fg-image-wrap\"><img decoding=\"async\" alt=\"C&#039;est dans une petite maison de ce type, \u00e0 l&#039;\u00e9poque Calle O&#039;Reilly No.94, qu&#039;Ignacio Larra\u00f1aga a fond\u00e9 en 1834 sa premi\u00e8re manufacture de cigares, bien situ\u00e9e dans l&#039;actuelle vieille ville de La Havane.\" width=\"250\" height=\"288\" class=\"skip-lazy fg-image\" data-src-fg=\"https:\/\/origin-of-cigar.com\/wp-content\/uploads\/cache\/2025\/12\/OOC-Por-Larranaga-1-Reilly-1\/3942389734.jpg\" src=\"data:image\/svg+xml,%3Csvg%20xmlns%3D%22http%3A%2F%2Fwww.w3.org%2F2000%2Fsvg%22%20width%3D%22250%22%20height%3D%22288%22%20viewBox%3D%220%200%20250%20288%22%3E%3C%2Fsvg%3E\" loading=\"eager\"><\/span><span class=\"fg-image-overlay\"><\/span><\/a><figcaption class=\"fg-caption\"><div class=\"fg-caption-inner\"><div class=\"fg-caption-desc\">C'est dans une petite maison de ce type, \u00e0 l'\u00e9poque Calle O'Reilly No.94, qu'Ignacio Larra\u00f1aga a fond\u00e9 en 1834 sa premi\u00e8re manufacture de cigares, bien situ\u00e9e dans l'actuelle vieille ville de La Havane.<\/div><\/div><\/figcaption><\/figure><div class=\"fg-loader\"><\/div><\/div><div class=\"fg-item fg-type-image fg-idle\"><figure class=\"fg-item-inner\"><a href=\"https:\/\/origin-of-cigar.com\/wp-content\/uploads\/2025\/12\/OOC-Por-Larranaga-2-Miguel-1.jpg\" data-caption-desc=\"Auf der Calle San Miguel No.58 fand sich ebenfalls eine Manufaktur der Marke Por Larra\u00f1aga, angemeldet auf den Namen Ambrosio Larra\u00f1aga.\" data-attachment-id=\"1869\" data-type=\"image\" class=\"fg-thumb\"><span class=\"fg-image-wrap\"><img decoding=\"async\" alt=\"Sur la Calle San Miguel No.58 se trouvait \u00e9galement une manufacture de la marque Por Larra\u00f1aga, enregistr\u00e9e sous le nom d&#039;Ambrosio Larra\u00f1aga.\" width=\"250\" height=\"166\" class=\"skip-lazy fg-image\" data-src-fg=\"https:\/\/origin-of-cigar.com\/wp-content\/uploads\/cache\/2025\/12\/OOC-Por-Larranaga-2-Miguel-1\/3035584949.jpg\" src=\"data:image\/svg+xml,%3Csvg%20xmlns%3D%22http%3A%2F%2Fwww.w3.org%2F2000%2Fsvg%22%20width%3D%22250%22%20height%3D%22166%22%20viewBox%3D%220%200%20250%20166%22%3E%3C%2Fsvg%3E\" loading=\"eager\"><\/span><span class=\"fg-image-overlay\"><\/span><\/a><figcaption class=\"fg-caption\"><div class=\"fg-caption-inner\"><div class=\"fg-caption-desc\">Sur la Calle San Miguel No.58 se trouvait \u00e9galement une manufacture de la marque Por Larra\u00f1aga, enregistr\u00e9e sous le nom d'Ambrosio Larra\u00f1aga.<\/div><\/div><\/figcaption><\/figure><div class=\"fg-loader\"><\/div><\/div><div class=\"fg-item fg-type-image fg-idle\"><figure class=\"fg-item-inner\"><a href=\"https:\/\/origin-of-cigar.com\/wp-content\/uploads\/2025\/12\/OOC-Por-Larranaga-3-Bela-1.jpg\" data-caption-desc=\"1880 \u00fcbernahm Antonio Rivero die Marke Por Larra\u00f1aga , lie\u00df sie offiziell 1882 neu auf seinen Namen registrieren. Fortan wurden die Zigarren auf der Calle Belascoain No.2B gefertigt, das Nachbarhaus der sp\u00e4ter ber\u00fchmten Romeo y Julieta-Manufaktur (ganz rechts im Bild).\" data-attachment-id=\"1870\" data-type=\"image\" class=\"fg-thumb\"><span class=\"fg-image-wrap\"><img decoding=\"async\" alt=\"En 1880, Antonio Rivero a repris la marque Por Larra\u00f1aga et l&#039;a officiellement r\u00e9enregistr\u00e9e \u00e0 son nom en 1882. Les cigares sont d\u00e9sormais fabriqu\u00e9s au num\u00e9ro 2B de la rue Belascoain, la maison voisine de la c\u00e9l\u00e8bre manufacture Romeo y Julieta (\u00e0 l&#039;extr\u00eame droite de l&#039;image).\" width=\"250\" height=\"166\" class=\"skip-lazy fg-image\" data-src-fg=\"https:\/\/origin-of-cigar.com\/wp-content\/uploads\/cache\/2025\/12\/OOC-Por-Larranaga-3-Bela-1\/3831312059.jpg\" src=\"data:image\/svg+xml,%3Csvg%20xmlns%3D%22http%3A%2F%2Fwww.w3.org%2F2000%2Fsvg%22%20width%3D%22250%22%20height%3D%22166%22%20viewBox%3D%220%200%20250%20166%22%3E%3C%2Fsvg%3E\" loading=\"eager\"><\/span><span class=\"fg-image-overlay\"><\/span><\/a><figcaption class=\"fg-caption\"><div class=\"fg-caption-inner\"><div class=\"fg-caption-desc\">En 1880, Antonio Rivero a repris la marque Por Larra\u00f1aga et l'a officiellement r\u00e9enregistr\u00e9e \u00e0 son nom en 1882. Les cigares sont d\u00e9sormais fabriqu\u00e9s au num\u00e9ro 2B de la rue Belascoain, la maison voisine de la c\u00e9l\u00e8bre manufacture Romeo y Julieta (\u00e0 l'extr\u00eame droite de l'image).<\/div><\/div><\/figcaption><\/figure><div class=\"fg-loader\"><\/div><\/div><div class=\"fg-item fg-type-image fg-idle\"><figure class=\"fg-item-inner\"><a href=\"https:\/\/origin-of-cigar.com\/wp-content\/uploads\/2025\/12\/OOC-Por-Larranaga-3-Bela-2.jpg\" data-caption-desc=\"Dieses Foto zeigt Antonio Rivero in seinem luxuri\u00f6sen B\u00fcro in der Manufaktur Por Larra\u00f1aga auf der Calle Belascoain No.2B. Auch er, wie seine Frau (sp\u00e4ter Witwe) Antonia Lopez, f\u00fchrten die Marke mit \u00fcberw\u00e4ltigendem Erfolg.\" data-attachment-id=\"1871\" data-type=\"image\" class=\"fg-thumb\"><span class=\"fg-image-wrap\"><img decoding=\"async\" alt=\"Cette photo montre Antonio Rivero dans son luxueux bureau de la manufacture Por Larra\u00f1aga, Calle Belascoain No.2B. Lui aussi, tout comme sa femme (plus tard veuve) Antonia Lopez, dirigea la marque avec un succ\u00e8s \u00e9crasant.\" width=\"250\" height=\"344\" class=\"skip-lazy fg-image\" data-src-fg=\"https:\/\/origin-of-cigar.com\/wp-content\/uploads\/cache\/2025\/12\/OOC-Por-Larranaga-3-Bela-2\/2629607050.jpg\" src=\"data:image\/svg+xml,%3Csvg%20xmlns%3D%22http%3A%2F%2Fwww.w3.org%2F2000%2Fsvg%22%20width%3D%22250%22%20height%3D%22344%22%20viewBox%3D%220%200%20250%20344%22%3E%3C%2Fsvg%3E\" loading=\"eager\"><\/span><span class=\"fg-image-overlay\"><\/span><\/a><figcaption class=\"fg-caption\"><div class=\"fg-caption-inner\"><div class=\"fg-caption-desc\">Cette photo montre Antonio Rivero dans son luxueux bureau de la manufacture Por Larra\u00f1aga, Calle Belascoain No.2B. Lui aussi, tout comme sa femme (plus tard veuve) Antonia Lopez, dirigea la marque avec un succ\u00e8s \u00e9crasant.<\/div><\/div><\/figcaption><\/figure><div class=\"fg-loader\"><\/div><\/div><div class=\"fg-item fg-type-image fg-idle\"><figure class=\"fg-item-inner\"><a href=\"https:\/\/origin-of-cigar.com\/wp-content\/uploads\/2025\/12\/OOC-Por-Larranaga-4-Carlos-1.jpg\" data-caption-desc=\"Die wohl ber\u00fchmteste Manufaktur der Marke Por Larra\u00f1aga auf der Calle Carlos III No. 713 (fr\u00fcher 225). Das Geb\u00e4ude ist auch heute noch erhalten.\" data-attachment-id=\"1872\" data-type=\"image\" class=\"fg-thumb\"><span class=\"fg-image-wrap\"><img decoding=\"async\" alt=\"Probablement la manufacture la plus c\u00e9l\u00e8bre de la marque Por Larra\u00f1aga, situ\u00e9e sur la Calle Carlos III No. 713 (anciennement 225). Le b\u00e2timent est encore conserv\u00e9 aujourd&#039;hui.\" width=\"250\" height=\"166\" class=\"skip-lazy fg-image\" data-src-fg=\"https:\/\/origin-of-cigar.com\/wp-content\/uploads\/cache\/2025\/12\/OOC-Por-Larranaga-4-Carlos-1\/3792831730.jpg\" src=\"data:image\/svg+xml,%3Csvg%20xmlns%3D%22http%3A%2F%2Fwww.w3.org%2F2000%2Fsvg%22%20width%3D%22250%22%20height%3D%22166%22%20viewBox%3D%220%200%20250%20166%22%3E%3C%2Fsvg%3E\" loading=\"eager\"><\/span><span class=\"fg-image-overlay\"><\/span><\/a><figcaption class=\"fg-caption\"><div class=\"fg-caption-inner\"><div class=\"fg-caption-desc\">Probablement la manufacture la plus c\u00e9l\u00e8bre de la marque Por Larra\u00f1aga, situ\u00e9e sur la Calle Carlos III No. 713 (anciennement 225). Le b\u00e2timent est encore conserv\u00e9 aujourd'hui.<\/div><\/div><\/figcaption><\/figure><div class=\"fg-loader\"><\/div><\/div><div class=\"fg-item fg-type-image fg-idle\"><figure class=\"fg-item-inner\"><a href=\"https:\/\/origin-of-cigar.com\/wp-content\/uploads\/2025\/12\/OOC-Por-Larranaga-4-Carlos-2.jpg\" data-caption-desc=\"An der T\u00fcr der Manufaktur Por Larra\u00f1aga befand sie ein Anschlag, der das Jahr der Gr\u00fcndung der Marke auswies: 1834.\" data-attachment-id=\"1873\" data-type=\"image\" class=\"fg-thumb\"><span class=\"fg-image-wrap\"><img decoding=\"async\" alt=\"Sur la porte de la manufacture Por Larra\u00f1aga, un \u00e9criteau indiquait l&#039;ann\u00e9e de cr\u00e9ation de la marque : 1834.\" width=\"250\" height=\"106\" class=\"skip-lazy fg-image\" data-src-fg=\"https:\/\/origin-of-cigar.com\/wp-content\/uploads\/cache\/2025\/12\/OOC-Por-Larranaga-4-Carlos-2\/2325116109.jpg\" src=\"data:image\/svg+xml,%3Csvg%20xmlns%3D%22http%3A%2F%2Fwww.w3.org%2F2000%2Fsvg%22%20width%3D%22250%22%20height%3D%22106%22%20viewBox%3D%220%200%20250%20106%22%3E%3C%2Fsvg%3E\" loading=\"eager\"><\/span><span class=\"fg-image-overlay\"><\/span><\/a><figcaption class=\"fg-caption\"><div class=\"fg-caption-inner\"><div class=\"fg-caption-desc\">Sur la porte de la manufacture Por Larra\u00f1aga, un \u00e9criteau indiquait l'ann\u00e9e de cr\u00e9ation de la marque : 1834.<\/div><\/div><\/figcaption><\/figure><div class=\"fg-loader\"><\/div><\/div><div class=\"fg-item fg-type-image fg-idle\"><figure class=\"fg-item-inner\"><a href=\"https:\/\/origin-of-cigar.com\/wp-content\/uploads\/2025\/12\/OOC-Por-Larranaga-4-Carlos-3.jpg\" data-caption-desc=\"Hinter dieser massiven Holzt\u00fcr wurden die Zigarren der Marke Por Larra\u00f1aga gefertigt.\" data-attachment-id=\"1874\" data-type=\"image\" class=\"fg-thumb\"><span class=\"fg-image-wrap\"><img decoding=\"async\" alt=\"C&#039;est derri\u00e8re cette porte en bois massif que les cigares de la marque Por Larra\u00f1aga \u00e9taient fabriqu\u00e9s.\" width=\"250\" height=\"376\" class=\"skip-lazy fg-image\" data-src-fg=\"https:\/\/origin-of-cigar.com\/wp-content\/uploads\/cache\/2025\/12\/OOC-Por-Larranaga-4-Carlos-3\/2577348996.jpg\" src=\"data:image\/svg+xml,%3Csvg%20xmlns%3D%22http%3A%2F%2Fwww.w3.org%2F2000%2Fsvg%22%20width%3D%22250%22%20height%3D%22376%22%20viewBox%3D%220%200%20250%20376%22%3E%3C%2Fsvg%3E\" loading=\"eager\"><\/span><span class=\"fg-image-overlay\"><\/span><\/a><figcaption class=\"fg-caption\"><div class=\"fg-caption-inner\"><div class=\"fg-caption-desc\">C'est derri\u00e8re cette porte en bois massif que les cigares de la marque Por Larra\u00f1aga \u00e9taient fabriqu\u00e9s.<\/div><\/div><\/figcaption><\/figure><div class=\"fg-loader\"><\/div><\/div><div class=\"fg-item fg-type-image fg-idle\"><figure class=\"fg-item-inner\"><a href=\"https:\/\/origin-of-cigar.com\/wp-content\/uploads\/2025\/12\/OOC-Por-Larranaga-4-Carlos-4.jpg\" data-caption-desc=\"Dieses Schild befindet sich am Giebel der ehemaligen Manufaktur Por Larra\u00f1aga. Mit guten Augen ist der Schriftzug der Marke noch zu erkennen.\" data-attachment-id=\"1875\" data-type=\"image\" class=\"fg-thumb\"><span class=\"fg-image-wrap\"><img decoding=\"async\" alt=\"Cette plaque se trouve sur le fronton de l&#039;ancienne manufacture Por Larra\u00f1aga. Avec de bons yeux, on peut encore reconna\u00eetre l&#039;inscription de la marque.\" width=\"250\" height=\"166\" class=\"skip-lazy fg-image\" data-src-fg=\"https:\/\/origin-of-cigar.com\/wp-content\/uploads\/cache\/2025\/12\/OOC-Por-Larranaga-4-Carlos-4\/1968260929.jpg\" src=\"data:image\/svg+xml,%3Csvg%20xmlns%3D%22http%3A%2F%2Fwww.w3.org%2F2000%2Fsvg%22%20width%3D%22250%22%20height%3D%22166%22%20viewBox%3D%220%200%20250%20166%22%3E%3C%2Fsvg%3E\" loading=\"eager\"><\/span><span class=\"fg-image-overlay\"><\/span><\/a><figcaption class=\"fg-caption\"><div class=\"fg-caption-inner\"><div class=\"fg-caption-desc\">Cette plaque se trouve sur le fronton de l'ancienne manufacture Por Larra\u00f1aga. Avec de bons yeux, on peut encore reconna\u00eetre l'inscription de la marque.<\/div><\/div><\/figcaption><\/figure><div class=\"fg-loader\"><\/div><\/div><div class=\"fg-item fg-type-image fg-idle\"><figure class=\"fg-item-inner\"><a href=\"https:\/\/origin-of-cigar.com\/wp-content\/uploads\/2025\/12\/OOC-Por-Larranaga-4-Carlos-5.jpg\" data-caption-desc=\"Die Manufaktur Por Larra\u00f1aga befindet sich auf der Calle Carlos III (heute Salvador Allende) an der Ecke zur Calle Arbol Seco. Diese Grenzsteine an den Kreuzungen fungieren in Havanna in vielen Stadtteilen als Stra\u00dfenschilder.\" data-attachment-id=\"1876\" data-type=\"image\" class=\"fg-thumb\"><span class=\"fg-image-wrap\"><img decoding=\"async\" alt=\"La manufacture Por Larra\u00f1aga se trouve sur la Calle Carlos III (aujourd&#039;hui Salvador Allende), \u00e0 l&#039;angle de la Calle Arbol Seco. Ces bornes situ\u00e9es aux intersections font office de plaques de rue \u00e0 La Havane dans de nombreux quartiers.\" width=\"250\" height=\"188\" class=\"skip-lazy fg-image\" data-src-fg=\"https:\/\/origin-of-cigar.com\/wp-content\/uploads\/cache\/2025\/12\/OOC-Por-Larranaga-4-Carlos-5\/1217911290.jpg\" src=\"data:image\/svg+xml,%3Csvg%20xmlns%3D%22http%3A%2F%2Fwww.w3.org%2F2000%2Fsvg%22%20width%3D%22250%22%20height%3D%22188%22%20viewBox%3D%220%200%20250%20188%22%3E%3C%2Fsvg%3E\" loading=\"eager\"><\/span><span class=\"fg-image-overlay\"><\/span><\/a><figcaption class=\"fg-caption\"><div class=\"fg-caption-inner\"><div class=\"fg-caption-desc\">La manufacture Por Larra\u00f1aga se trouve sur la Calle Carlos III (aujourd'hui Salvador Allende), \u00e0 l'angle de la Calle Arbol Seco. Ces bornes situ\u00e9es aux intersections font office de plaques de rue \u00e0 La Havane dans de nombreux quartiers.<\/div><\/div><\/figcaption><\/figure><div class=\"fg-loader\"><\/div><\/div><div class=\"fg-item fg-type-image fg-idle\"><figure class=\"fg-item-inner\"><a href=\"https:\/\/origin-of-cigar.com\/wp-content\/uploads\/2025\/12\/OOC-Por-Larranaga-4-Carlos-6.jpg\" data-caption-desc=\"Das Geb\u00e4ude der ehemaligen Manufaktur Por Larra\u00f1aga ist seit 2012 komplett saniert worden. Jetzt erstrahlt es in einem zarten Rosa. Ob dies auch die Farbe ist, die das Geb\u00e4ude fr\u00fcher hatte, ist nicht bekannt. Auf den vorhandenen Schwarz-Wei\u00df-Fotos ist dies nicht zu erkennen.\" data-attachment-id=\"1877\" data-type=\"image\" class=\"fg-thumb\"><span class=\"fg-image-wrap\"><img decoding=\"async\" alt=\"Le b\u00e2timent de l&#039;ancienne manufacture Por Larra\u00f1aga a \u00e9t\u00e9 enti\u00e8rement r\u00e9nov\u00e9 depuis 2012. Il brille d\u00e9sormais d&#039;un rose tendre. On ne sait pas s&#039;il s&#039;agit de la couleur qu&#039;avait le b\u00e2timent auparavant. Les photos en noir et blanc ne le montrent pas.\" width=\"250\" height=\"188\" class=\"skip-lazy fg-image\" data-src-fg=\"https:\/\/origin-of-cigar.com\/wp-content\/uploads\/cache\/2025\/12\/OOC-Por-Larranaga-4-Carlos-6\/538159557.jpg\" src=\"data:image\/svg+xml,%3Csvg%20xmlns%3D%22http%3A%2F%2Fwww.w3.org%2F2000%2Fsvg%22%20width%3D%22250%22%20height%3D%22188%22%20viewBox%3D%220%200%20250%20188%22%3E%3C%2Fsvg%3E\" loading=\"eager\"><\/span><span class=\"fg-image-overlay\"><\/span><\/a><figcaption class=\"fg-caption\"><div class=\"fg-caption-inner\"><div class=\"fg-caption-desc\">Le b\u00e2timent de l'ancienne manufacture Por Larra\u00f1aga a \u00e9t\u00e9 enti\u00e8rement r\u00e9nov\u00e9 depuis 2012. Il brille d\u00e9sormais d'un rose tendre. On ne sait pas s'il s'agit de la couleur qu'avait le b\u00e2timent auparavant. Les photos en noir et blanc ne le montrent pas.<\/div><\/div><\/figcaption><\/figure><div class=\"fg-loader\"><\/div><\/div><div class=\"fg-item fg-type-image fg-idle\"><figure class=\"fg-item-inner\"><a href=\"https:\/\/origin-of-cigar.com\/wp-content\/uploads\/2025\/12\/OOC-Por-Larranaga-4-Carlos-7.jpg\" data-caption-desc=\"Auch der Giebel der ehemaligen Manufaktur Por Larra\u00f1aga ist restauriert. Die wahrscheinlich Originalplatte, die schon in der ersten Manufaktur gehangen hat und den Schriftzug der Marke und einen Zweig darunter tr\u00e4gt, befindet sich immer noch am Giebel. Leider ist es nur noch schwer lesbar.\" data-attachment-id=\"1878\" data-type=\"image\" class=\"fg-thumb\"><span class=\"fg-image-wrap\"><img decoding=\"async\" alt=\"Le fronton de l&#039;ancienne manufacture Por Larra\u00f1aga a \u00e9galement \u00e9t\u00e9 restaur\u00e9. La plaque probablement originale, qui \u00e9tait d\u00e9j\u00e0 accroch\u00e9e dans la premi\u00e8re manufacture et qui porte l&#039;inscription de la marque et une branche en dessous, se trouve toujours sur le fronton. Malheureusement, elle est devenue difficilement lisible.\" width=\"250\" height=\"188\" class=\"skip-lazy fg-image\" data-src-fg=\"https:\/\/origin-of-cigar.com\/wp-content\/uploads\/cache\/2025\/12\/OOC-Por-Larranaga-4-Carlos-7\/1854227304.jpg\" src=\"data:image\/svg+xml,%3Csvg%20xmlns%3D%22http%3A%2F%2Fwww.w3.org%2F2000%2Fsvg%22%20width%3D%22250%22%20height%3D%22188%22%20viewBox%3D%220%200%20250%20188%22%3E%3C%2Fsvg%3E\" loading=\"eager\"><\/span><span class=\"fg-image-overlay\"><\/span><\/a><figcaption class=\"fg-caption\"><div class=\"fg-caption-inner\"><div class=\"fg-caption-desc\">Le fronton de l'ancienne manufacture Por Larra\u00f1aga a \u00e9galement \u00e9t\u00e9 restaur\u00e9. La plaque probablement originale, qui \u00e9tait d\u00e9j\u00e0 accroch\u00e9e dans la premi\u00e8re manufacture et qui porte l'inscription de la marque et une branche en dessous, se trouve toujours sur le fronton. Malheureusement, elle est devenue difficilement lisible.<\/div><\/div><\/figcaption><\/figure><div class=\"fg-loader\"><\/div><\/div><div class=\"fg-item fg-type-image fg-idle\"><figure class=\"fg-item-inner\"><a href=\"https:\/\/origin-of-cigar.com\/wp-content\/uploads\/2025\/12\/OOC-Por-Larranaga-4-Carlos-8.jpg\" data-caption-desc=\"Auch die T\u00fcr der ehemaligen Manufaktur Por Larra\u00f1aga wurde neu gestrichen. Leider ist die Aufschrift \u201eEstablecida 1834\u201c, Gegr\u00fcndet 1834, nicht mehr vorhanden.\" data-attachment-id=\"1879\" data-type=\"image\" class=\"fg-thumb\"><span class=\"fg-image-wrap\"><img decoding=\"async\" alt=\"La porte de l&#039;ancienne manufacture Por Larra\u00f1aga a \u00e9galement \u00e9t\u00e9 repeinte. Malheureusement, l&#039;inscription \u201eEstablecida 1834\u201c, Fond\u00e9e en 1834, n&#039;y figure plus.\" width=\"250\" height=\"333\" class=\"skip-lazy fg-image\" data-src-fg=\"https:\/\/origin-of-cigar.com\/wp-content\/uploads\/cache\/2025\/12\/OOC-Por-Larranaga-4-Carlos-8\/1370367512.jpg\" src=\"data:image\/svg+xml,%3Csvg%20xmlns%3D%22http%3A%2F%2Fwww.w3.org%2F2000%2Fsvg%22%20width%3D%22250%22%20height%3D%22333%22%20viewBox%3D%220%200%20250%20333%22%3E%3C%2Fsvg%3E\" loading=\"eager\"><\/span><span class=\"fg-image-overlay\"><\/span><\/a><figcaption class=\"fg-caption\"><div class=\"fg-caption-inner\"><div class=\"fg-caption-desc\">La porte de l'ancienne manufacture Por Larra\u00f1aga a \u00e9galement \u00e9t\u00e9 repeinte. Malheureusement, l'inscription \u201eEstablecida 1834\u201c, Fond\u00e9e en 1834, n'y figure plus.<\/div><\/div><\/figcaption><\/figure><div class=\"fg-loader\"><\/div><\/div><div class=\"fg-item fg-type-image fg-idle\"><figure class=\"fg-item-inner\"><a href=\"https:\/\/origin-of-cigar.com\/wp-content\/uploads\/2025\/12\/OOC-Por-Larranaga-4-Carlos-9.jpg\" data-caption-desc=\"Hier ein historisches Foto der ehemaligen Manufaktur Por Larra\u00f1aga auf der Carlos III in Havanna.\" data-attachment-id=\"1880\" data-type=\"image\" class=\"fg-thumb\"><span class=\"fg-image-wrap\"><img decoding=\"async\" alt=\"Voici une photo historique de l&#039;ancienne manufacture Por Larra\u00f1aga sur le Carlos III \u00e0 La Havane.\" width=\"250\" height=\"192\" class=\"skip-lazy fg-image\" data-src-fg=\"https:\/\/origin-of-cigar.com\/wp-content\/uploads\/cache\/2025\/12\/OOC-Por-Larranaga-4-Carlos-9\/2579671874.jpg\" src=\"data:image\/svg+xml,%3Csvg%20xmlns%3D%22http%3A%2F%2Fwww.w3.org%2F2000%2Fsvg%22%20width%3D%22250%22%20height%3D%22192%22%20viewBox%3D%220%200%20250%20192%22%3E%3C%2Fsvg%3E\" loading=\"eager\"><\/span><span class=\"fg-image-overlay\"><\/span><\/a><figcaption class=\"fg-caption\"><div class=\"fg-caption-inner\"><div class=\"fg-caption-desc\">Voici une photo historique de l'ancienne manufacture Por Larra\u00f1aga sur le Carlos III \u00e0 La Havane.<\/div><\/div><\/figcaption><\/figure><div class=\"fg-loader\"><\/div><\/div><\/div>\n\n\n\n<div style=\"height:41px\" aria-hidden=\"true\" class=\"wp-block-spacer\"><\/div>\n\n\n\n<p>\ud83d\udc49 <strong><a href=\"https:\/\/origin-of-cigar.com\/fr\/por-larranaga-histoire\/\">Lire maintenant \ud83d\udc49 La fascinante histoire de Por Larra\u00f1aga - L\u00e9gende et mythe du plus c\u00e9l\u00e8bre cigare de Cuba<\/a><\/strong><\/p>\n\n\n\n<p><strong>Site web externe :<\/strong> <a href=\"https:\/\/en.wikipedia.org\/wiki\/Por_Larra%C3%B1aga\" target=\"_blank\" rel=\"noreferrer noopener\">Por Larra\u00f1aga History, informations sur Wikipedia<\/a><\/p>","protected":false},"excerpt":{"rendered":"<p>Fotos Architektur und Erinnerung in Bildern: von der ersten Adresse an der Calle O\u2019Reilly 94 \u00fcber die Produktionsjahre an der Belascoa\u00edn \u2013 neben Romeo y&hellip;<\/p>","protected":false},"author":2,"featured_media":0,"parent":1915,"menu_order":0,"comment_status":"closed","ping_status":"closed","template":"","meta":{"om_disable_all_campaigns":false,"_glsr_average":0,"_glsr_ranking":0,"_glsr_reviews":0,"footnotes":""},"class_list":["post-1894","page","type-page","status-publish","hentry"],"jetpack_sharing_enabled":true,"_links":{"self":[{"href":"https:\/\/origin-of-cigar.com\/fr\/wp-json\/wp\/v2\/pages\/1894","targetHints":{"allow":["GET"]}}],"collection":[{"href":"https:\/\/origin-of-cigar.com\/fr\/wp-json\/wp\/v2\/pages"}],"about":[{"href":"https:\/\/origin-of-cigar.com\/fr\/wp-json\/wp\/v2\/types\/page"}],"author":[{"embeddable":true,"href":"https:\/\/origin-of-cigar.com\/fr\/wp-json\/wp\/v2\/users\/2"}],"replies":[{"embeddable":true,"href":"https:\/\/origin-of-cigar.com\/fr\/wp-json\/wp\/v2\/comments?post=1894"}],"version-history":[{"count":1,"href":"https:\/\/origin-of-cigar.com\/fr\/wp-json\/wp\/v2\/pages\/1894\/revisions"}],"predecessor-version":[{"id":1895,"href":"https:\/\/origin-of-cigar.com\/fr\/wp-json\/wp\/v2\/pages\/1894\/revisions\/1895"}],"up":[{"embeddable":true,"href":"https:\/\/origin-of-cigar.com\/fr\/wp-json\/wp\/v2\/pages\/1915"}],"wp:attachment":[{"href":"https:\/\/origin-of-cigar.com\/fr\/wp-json\/wp\/v2\/media?parent=1894"}],"curies":[{"name":"wp","href":"https:\/\/api.w.org\/{rel}","templated":true}]}}