{"id":552,"date":"2025-10-02T05:03:48","date_gmt":"2025-10-02T05:03:48","guid":{"rendered":"https:\/\/origin-of-cigar.com\/?page_id=552"},"modified":"2026-03-07T09:01:49","modified_gmt":"2026-03-07T09:01:49","slug":"fotos-partagas","status":"publish","type":"page","link":"https:\/\/origin-of-cigar.com\/es\/fotos-geschichte-kubanischer-zigarrenmarken\/fotos-partagas\/","title":{"rendered":"Fotos Historia de Partag\u00e1s"},"content":{"rendered":"<h2 class=\"wp-block-heading\">Fotos<\/h2>\n\n\n\n<p>Esta galer\u00eda de Partag\u00e1s muestra la marca de cigarros como muchos la echan de menos: Fotograf\u00edas interiores y exteriores de la \u00e9poca en que el edificio a\u00fan era accesible, colorido y estaba bien cuidado. Pasillos, salas de trabajo, detalles: im\u00e1genes aut\u00e9nticas que hacen tangible la historia de Partag\u00e1s. Hoy en d\u00eda, el edificio est\u00e1 cerrado, el color se ha desvanecido debido a la intemperie y las fachadas est\u00e1n desgastadas, lo que hace que estos documentos fotogr\u00e1ficos sean a\u00fan m\u00e1s valiosos.<\/p>\n\n\n\n<figure class=\"wp-block-image size-full\"><img loading=\"lazy\" decoding=\"async\" width=\"1000\" height=\"743\" src=\"https:\/\/origin-of-cigar.com\/wp-content\/uploads\/2025\/10\/Partagas-Aussen-2003.jpg\" alt=\"La antigua f\u00e1brica de Partag\u00e1s, situada justo detr\u00e1s del Capitolio, en la calle Industria n\u00ba 520, antes n\u00ba 174 y 172, donde se fabricaron los famosos puros Partag\u00e1s desde 1900 hasta 2011. Fotos Partag\u00e1s\" class=\"wp-image-824\" srcset=\"https:\/\/origin-of-cigar.com\/wp-content\/uploads\/2025\/10\/Partagas-Aussen-2003.jpg 1000w, https:\/\/origin-of-cigar.com\/wp-content\/uploads\/2025\/10\/Partagas-Aussen-2003-300x223.jpg 300w, https:\/\/origin-of-cigar.com\/wp-content\/uploads\/2025\/10\/Partagas-Aussen-2003-768x571.jpg 768w, https:\/\/origin-of-cigar.com\/wp-content\/uploads\/2025\/10\/Partagas-Aussen-2003-16x12.jpg 16w, https:\/\/origin-of-cigar.com\/wp-content\/uploads\/2025\/10\/Partagas-Aussen-2003-624x464.jpg 624w\" sizes=\"auto, (max-width: 1000px) 100vw, 1000px\" \/><\/figure>\n\n\n\n<p>Marca de cigarros Partagas Fundada 1845.<\/p>\n\n\n\n<h2 class=\"wp-block-heading\">Historia<\/h2>\n\n\n\n<p>Nuestras fotos se centran en tomas exteriores y salas cuando a\u00fan se pod\u00eda entrar. En la galer\u00eda de im\u00e1genes, las aficionadas y los aficionados obtienen una peque\u00f1a impresi\u00f3n visual del famoso edificio: una agradable introducci\u00f3n a la historia de Partagas sin im\u00e1genes hist\u00f3ricas de archivo, pero con un verdadero sentido del lugar.<\/p>\n\n\n\n<p>\ud83d\udc49 <strong><a href=\"https:\/\/origin-of-cigar.com\/es\/historia-de-partagas\/\">Lee ahora \ud83d\udc49 Historia de Partag\u00e1s: la singular historia de \u00e9xito de un icono del Habano<\/a><\/strong><\/p>\n\n\n<style type=\"text\/css\">\n#foogallery-gallery-840.fg-masonry { --fg-gutter: 10px; }<\/style>\n\t\t\t<div class=\"foogallery foogallery-container foogallery-masonry foogallery-lightbox-foogallery fg-center fg-masonry fg-ready fg-dark fg-border-thin fg-shadow-small fg-loading-default fg-loaded-fade-in fg-hover-scale fg-captions-bottom fg-hover-fade fg-hover-zoom2 fg-light-overlays fg-col2\" id=\"foogallery-gallery-840\" data-foogallery=\"{&quot;item&quot;:{&quot;showCaptionTitle&quot;:true,&quot;showCaptionDescription&quot;:true},&quot;lazy&quot;:true}\" data-foogallery-lightbox=\"{&quot;thumbs&quot;:&quot;bottom&quot;,&quot;thumbsCaptions&quot;:false,&quot;thumbsBestFit&quot;:false,&quot;thumbsSmall&quot;:false,&quot;thumbsCaptionsAlign&quot;:&quot;default&quot;,&quot;info&quot;:&quot;bottom&quot;,&quot;infoVisible&quot;:true,&quot;infoOverlay&quot;:true,&quot;infoAlign&quot;:&quot;center&quot;,&quot;transition&quot;:&quot;fade&quot;,&quot;hoverButtons&quot;:false,&quot;fitMedia&quot;:false,&quot;noScrollbars&quot;:true,&quot;preserveButtonSpace&quot;:true,&quot;buttons&quot;:{&quot;fullscreen&quot;:true,&quot;info&quot;:true,&quot;thumbs&quot;:false},&quot;video&quot;:{&quot;autoPlay&quot;:true}}\" style=\"--fg-title-line-clamp: 0; --fg-description-line-clamp: 0;\" >\n\t\t<div class=\"fg-column-width\"><\/div>\n\t<div class=\"fg-gutter-width\"><\/div>\n\t\t<div class=\"fg-item fg-type-image fg-idle\"><figure class=\"fg-item-inner\"><a href=\"https:\/\/origin-of-cigar.com\/wp-content\/uploads\/2025\/10\/Partagas-Aussen-2006.jpg\" data-caption-desc=\"Die Partag\u00e1s-Manufaktur im Wandel der Zeit: 2006. Diese Fabrik kennen sehr viele Habanos-Liebhaber.\" data-attachment-id=\"790\" data-type=\"image\" class=\"fg-thumb\"><span class=\"fg-image-wrap\"><img decoding=\"async\" alt=\"La f\u00e1brica Partag\u00e1s a trav\u00e9s de los tiempos: 2006. Muchos amantes del Habano conocen esta f\u00e1brica.\" width=\"250\" height=\"183\" class=\"skip-lazy fg-image\" data-src-fg=\"https:\/\/origin-of-cigar.com\/wp-content\/uploads\/cache\/2025\/10\/Partagas-Aussen-2006\/3269018348.jpg\" src=\"data:image\/svg+xml,%3Csvg%20xmlns%3D%22http%3A%2F%2Fwww.w3.org%2F2000%2Fsvg%22%20width%3D%22250%22%20height%3D%22183%22%20viewBox%3D%220%200%20250%20183%22%3E%3C%2Fsvg%3E\" loading=\"eager\"><\/span><span class=\"fg-image-overlay\"><\/span><\/a><figcaption class=\"fg-caption\"><div class=\"fg-caption-inner\"><div class=\"fg-caption-desc\">La f\u00e1brica Partag\u00e1s a trav\u00e9s de los tiempos: 2006. Muchos amantes del Habano conocen esta f\u00e1brica.<\/div><\/div><\/figcaption><\/figure><div class=\"fg-loader\"><\/div><\/div><div class=\"fg-item fg-type-image fg-idle\"><figure class=\"fg-item-inner\"><a href=\"https:\/\/origin-of-cigar.com\/wp-content\/uploads\/2025\/10\/Partagas-Aussen-2007.jpg\" data-caption-desc=\"Die Partag\u00e1s-Manufaktur im Wandel der Zeit: 2007. Zu dieser Zeit war sowohl die Manufaktur also auch die Casa noch in Betrieb.\" data-attachment-id=\"792\" data-type=\"image\" class=\"fg-thumb\"><span class=\"fg-image-wrap\"><img decoding=\"async\" alt=\"La f\u00e1brica de Partag\u00e1s a trav\u00e9s de los tiempos: 2007, cuando tanto la f\u00e1brica como la Casa a\u00fan estaban en funcionamiento.\" width=\"250\" height=\"188\" class=\"skip-lazy fg-image\" data-src-fg=\"https:\/\/origin-of-cigar.com\/wp-content\/uploads\/cache\/2025\/10\/Partagas-Aussen-2007\/3278060090.jpg\" src=\"data:image\/svg+xml,%3Csvg%20xmlns%3D%22http%3A%2F%2Fwww.w3.org%2F2000%2Fsvg%22%20width%3D%22250%22%20height%3D%22188%22%20viewBox%3D%220%200%20250%20188%22%3E%3C%2Fsvg%3E\" loading=\"eager\"><\/span><span class=\"fg-image-overlay\"><\/span><\/a><figcaption class=\"fg-caption\"><div class=\"fg-caption-inner\"><div class=\"fg-caption-desc\">La f\u00e1brica de Partag\u00e1s a trav\u00e9s de los tiempos: 2007, cuando tanto la f\u00e1brica como la Casa a\u00fan estaban en funcionamiento.<\/div><\/div><\/figcaption><\/figure><div class=\"fg-loader\"><\/div><\/div><div class=\"fg-item fg-type-image fg-idle\"><figure class=\"fg-item-inner\"><a href=\"https:\/\/origin-of-cigar.com\/wp-content\/uploads\/2025\/10\/Partagas-Aussen-2007-hoch.jpg\" data-caption-desc=\"Die Partag\u00e1s-Manufaktur im Wandel der Zeit: 2007\" data-attachment-id=\"791\" data-type=\"image\" class=\"fg-thumb\"><span class=\"fg-image-wrap\"><img decoding=\"async\" alt=\"La f\u00e1brica de Partag\u00e1s a trav\u00e9s de los tiempos: 2007\" width=\"250\" height=\"185\" class=\"skip-lazy fg-image\" data-src-fg=\"https:\/\/origin-of-cigar.com\/wp-content\/uploads\/cache\/2025\/10\/Partagas-Aussen-2007-hoch\/1892951607.jpg\" src=\"data:image\/svg+xml,%3Csvg%20xmlns%3D%22http%3A%2F%2Fwww.w3.org%2F2000%2Fsvg%22%20width%3D%22250%22%20height%3D%22185%22%20viewBox%3D%220%200%20250%20185%22%3E%3C%2Fsvg%3E\" loading=\"eager\"><\/span><span class=\"fg-image-overlay\"><\/span><\/a><figcaption class=\"fg-caption\"><div class=\"fg-caption-inner\"><div class=\"fg-caption-desc\">La f\u00e1brica de Partag\u00e1s a trav\u00e9s de los tiempos: 2007<\/div><\/div><\/figcaption><\/figure><div class=\"fg-loader\"><\/div><\/div><div class=\"fg-item fg-type-image fg-idle\"><figure class=\"fg-item-inner\"><a href=\"https:\/\/origin-of-cigar.com\/wp-content\/uploads\/2025\/10\/Partagas-Aussen-2010.jpg\" data-caption-desc=\"Die Partag\u00e1s-Manufaktur im Wandel der Zeit: 2010. In diesem Jahr war die Manufaktur noch in Betrieb, bis 2011.\" data-attachment-id=\"793\" data-type=\"image\" class=\"fg-thumb\"><span class=\"fg-image-wrap\"><img fetchpriority=\"high\" decoding=\"async\" alt=\"La f\u00e1brica de Partag\u00e1s a trav\u00e9s de los tiempos: 2010, a\u00f1o en que la f\u00e1brica sigui\u00f3 en funcionamiento hasta 2011.\" width=\"250\" height=\"333\" class=\"skip-lazy fg-image\" data-src-fg=\"https:\/\/origin-of-cigar.com\/wp-content\/uploads\/cache\/2025\/10\/Partagas-Aussen-2010\/3092585284.jpg\" src=\"data:image\/svg+xml,%3Csvg%20xmlns%3D%22http%3A%2F%2Fwww.w3.org%2F2000%2Fsvg%22%20width%3D%22250%22%20height%3D%22333%22%20viewBox%3D%220%200%20250%20333%22%3E%3C%2Fsvg%3E\" loading=\"eager\"><\/span><span class=\"fg-image-overlay\"><\/span><\/a><figcaption class=\"fg-caption\"><div class=\"fg-caption-inner\"><div class=\"fg-caption-desc\">La f\u00e1brica de Partag\u00e1s a trav\u00e9s de los tiempos: 2010, a\u00f1o en que la f\u00e1brica sigui\u00f3 en funcionamiento hasta 2011.<\/div><\/div><\/figcaption><\/figure><div class=\"fg-loader\"><\/div><\/div><div class=\"fg-item fg-type-image fg-idle\"><figure class=\"fg-item-inner\"><a href=\"https:\/\/origin-of-cigar.com\/wp-content\/uploads\/2025\/10\/Partagas-Aussen-2022.jpg\" data-caption-desc=\"Die Partag\u00e1s-Manufaktur im Wandel der Zeit: 2022. Was f\u00fcr ein Unterschied zu den Jahren zuvor. Die N\u00e4he zum Meer ist der Killer jeder Hausfassade.\" data-attachment-id=\"794\" data-type=\"image\" class=\"fg-thumb\"><span class=\"fg-image-wrap\"><img decoding=\"async\" alt=\"La f\u00e1brica de Partag\u00e1s a trav\u00e9s de los tiempos: 2022 - qu\u00e9 diferencia con los a\u00f1os anteriores. La proximidad al mar es la asesina de todas las fachadas de las casas.\" width=\"250\" height=\"333\" class=\"skip-lazy fg-image\" data-src-fg=\"https:\/\/origin-of-cigar.com\/wp-content\/uploads\/cache\/2025\/10\/Partagas-Aussen-2022\/691311169.jpg\" src=\"data:image\/svg+xml,%3Csvg%20xmlns%3D%22http%3A%2F%2Fwww.w3.org%2F2000%2Fsvg%22%20width%3D%22250%22%20height%3D%22333%22%20viewBox%3D%220%200%20250%20333%22%3E%3C%2Fsvg%3E\" loading=\"eager\"><\/span><span class=\"fg-image-overlay\"><\/span><\/a><figcaption class=\"fg-caption\"><div class=\"fg-caption-inner\"><div class=\"fg-caption-desc\">La f\u00e1brica de Partag\u00e1s a trav\u00e9s de los tiempos: 2022 - qu\u00e9 diferencia con los a\u00f1os anteriores. La proximidad al mar es la asesina de todas las fachadas de las casas.<\/div><\/div><\/figcaption><\/figure><div class=\"fg-loader\"><\/div><\/div><div class=\"fg-item fg-type-image fg-idle\"><figure class=\"fg-item-inner\"><a href=\"https:\/\/origin-of-cigar.com\/wp-content\/uploads\/2025\/10\/Partagas-Aussen-Eingang.jpg\" data-caption-desc=\"Der Eingang zur Fabrik und zur \u201eCasa del Habano\u201c war immer leicht zu finden.\" data-attachment-id=\"795\" data-type=\"image\" class=\"fg-thumb\"><span class=\"fg-image-wrap\"><img decoding=\"async\" alt=\"La entrada a la f\u00e1brica y a la \u201eCasa del Habano\u201c fue siempre f\u00e1cil de encontrar.\" width=\"250\" height=\"218\" class=\"skip-lazy fg-image\" data-src-fg=\"https:\/\/origin-of-cigar.com\/wp-content\/uploads\/cache\/2025\/10\/Partagas-Aussen-Eingang\/2855051202.jpg\" src=\"data:image\/svg+xml,%3Csvg%20xmlns%3D%22http%3A%2F%2Fwww.w3.org%2F2000%2Fsvg%22%20width%3D%22250%22%20height%3D%22218%22%20viewBox%3D%220%200%20250%20218%22%3E%3C%2Fsvg%3E\" loading=\"eager\"><\/span><span class=\"fg-image-overlay\"><\/span><\/a><figcaption class=\"fg-caption\"><div class=\"fg-caption-inner\"><div class=\"fg-caption-desc\">La entrada a la f\u00e1brica y a la \u201eCasa del Habano\u201c fue siempre f\u00e1cil de encontrar.<\/div><\/div><\/figcaption><\/figure><div class=\"fg-loader\"><\/div><\/div><div class=\"fg-item fg-type-image fg-idle\"><figure class=\"fg-item-inner\"><a href=\"https:\/\/origin-of-cigar.com\/wp-content\/uploads\/2025\/10\/Partagas-Aussen-von-links.jpg\" data-caption-desc=\"L\u00e4uft man links um das Capitol herum, kommt man von dieser Seite zur ehemaligen Manufaktur, damals noch in Betrieb.\" data-attachment-id=\"796\" data-type=\"image\" class=\"fg-thumb\"><span class=\"fg-image-wrap\"><img decoding=\"async\" alt=\"Si rodeas el Capitolio por la izquierda, llegar\u00e1s por este lado a la antigua f\u00e1brica, que segu\u00eda en funcionamiento en aquella \u00e9poca.\" width=\"250\" height=\"298\" class=\"skip-lazy fg-image\" data-src-fg=\"https:\/\/origin-of-cigar.com\/wp-content\/uploads\/cache\/2025\/10\/Partagas-Aussen-von-links\/1319275045.jpg\" src=\"data:image\/svg+xml,%3Csvg%20xmlns%3D%22http%3A%2F%2Fwww.w3.org%2F2000%2Fsvg%22%20width%3D%22250%22%20height%3D%22298%22%20viewBox%3D%220%200%20250%20298%22%3E%3C%2Fsvg%3E\" loading=\"eager\"><\/span><span class=\"fg-image-overlay\"><\/span><\/a><figcaption class=\"fg-caption\"><div class=\"fg-caption-inner\"><div class=\"fg-caption-desc\">Si rodeas el Capitolio por la izquierda, llegar\u00e1s por este lado a la antigua f\u00e1brica, que segu\u00eda en funcionamiento en aquella \u00e9poca.<\/div><\/div><\/figcaption><\/figure><div class=\"fg-loader\"><\/div><\/div><div class=\"fg-item fg-type-image fg-idle\"><figure class=\"fg-item-inner\"><a href=\"https:\/\/origin-of-cigar.com\/wp-content\/uploads\/2025\/10\/Partagas-Capitol-mit-Fabrik_NEU.jpg\" data-caption-desc=\"Die ehemalige Partag\u00e1s-Manufaktur befindet sich direkt hinter dem Capitol, ein Wahrzeichen der Zigarre. Aktuell eine Baustelle, soll in dieses Geb\u00e4ude ein Tabak- und Zigarrenmuseum kommen.\" data-attachment-id=\"807\" data-type=\"image\" class=\"fg-thumb\"><span class=\"fg-image-wrap\"><img decoding=\"async\" alt=\"La antigua f\u00e1brica de Partag\u00e1s se encuentra justo detr\u00e1s del Capitolio, un lugar emblem\u00e1tico del tabaco. Actualmente en obras, este edificio albergar\u00e1 un museo del tabaco y los puros.\" width=\"250\" height=\"162\" class=\"skip-lazy fg-image\" data-src-fg=\"https:\/\/origin-of-cigar.com\/wp-content\/uploads\/cache\/2025\/10\/Partagas-Capitol-mit-Fabrik_NEU\/3910850270.jpg\" src=\"data:image\/svg+xml,%3Csvg%20xmlns%3D%22http%3A%2F%2Fwww.w3.org%2F2000%2Fsvg%22%20width%3D%22250%22%20height%3D%22162%22%20viewBox%3D%220%200%20250%20162%22%3E%3C%2Fsvg%3E\" loading=\"eager\"><\/span><span class=\"fg-image-overlay\"><\/span><\/a><figcaption class=\"fg-caption\"><div class=\"fg-caption-inner\"><div class=\"fg-caption-desc\">La antigua f\u00e1brica de Partag\u00e1s se encuentra justo detr\u00e1s del Capitolio, un lugar emblem\u00e1tico del tabaco. Actualmente en obras, este edificio albergar\u00e1 un museo del tabaco y los puros.<\/div><\/div><\/figcaption><\/figure><div class=\"fg-loader\"><\/div><\/div><div class=\"fg-item fg-type-image fg-idle\"><figure class=\"fg-item-inner\"><a href=\"https:\/\/origin-of-cigar.com\/wp-content\/uploads\/2025\/10\/Partagas-Eingang-2017.jpg\" data-caption-desc=\"Jedes Jahr war die Eingangshalle anders dekoriert, hier mit Leuchttafeln.\" data-attachment-id=\"797\" data-type=\"image\" class=\"fg-thumb\"><span class=\"fg-image-wrap\"><img decoding=\"async\" alt=\"El vest\u00edbulo se decoraba de forma diferente cada a\u00f1o, aqu\u00ed con paneles iluminados.\" width=\"250\" height=\"382\" class=\"skip-lazy fg-image\" data-src-fg=\"https:\/\/origin-of-cigar.com\/wp-content\/uploads\/cache\/2025\/10\/Partagas-Eingang-2017\/662842880.jpg\" src=\"data:image\/svg+xml,%3Csvg%20xmlns%3D%22http%3A%2F%2Fwww.w3.org%2F2000%2Fsvg%22%20width%3D%22250%22%20height%3D%22382%22%20viewBox%3D%220%200%20250%20382%22%3E%3C%2Fsvg%3E\" loading=\"eager\"><\/span><span class=\"fg-image-overlay\"><\/span><\/a><figcaption class=\"fg-caption\"><div class=\"fg-caption-inner\"><div class=\"fg-caption-desc\">El vest\u00edbulo se decoraba de forma diferente cada a\u00f1o, aqu\u00ed con paneles iluminados.<\/div><\/div><\/figcaption><\/figure><div class=\"fg-loader\"><\/div><\/div><div class=\"fg-item fg-type-image fg-idle\"><figure class=\"fg-item-inner\"><a href=\"https:\/\/origin-of-cigar.com\/wp-content\/uploads\/2025\/10\/Partagas-Eingang-Casa.jpg\" data-caption-desc=\"Die \u201cCasa del Habano Partag\u00e1s\u201c in der ehemaligen Manufaktur war jahrzehntelang f\u00fcr viele Zigarrenliebhaber einer der Lieblingsorte f\u00fcr den Kauf der Habanos. Die \u201eCasa\u201c ist vor einigen Jahren umgezogen.\" data-attachment-id=\"798\" data-type=\"image\" class=\"fg-thumb\"><span class=\"fg-image-wrap\"><img decoding=\"async\" alt=\"Durante d\u00e9cadas, la \u201cCasa del Habano Partag\u00e1s\u201c, en la antigua f\u00e1brica, fue uno de los lugares preferidos por muchos amantes de los puros para comprar Habanos. La \u201eCasa\u201c se traslad\u00f3 hace unos a\u00f1os.\" width=\"250\" height=\"333\" class=\"skip-lazy fg-image\" data-src-fg=\"https:\/\/origin-of-cigar.com\/wp-content\/uploads\/cache\/2025\/10\/Partagas-Eingang-Casa\/2696280111.jpg\" src=\"data:image\/svg+xml,%3Csvg%20xmlns%3D%22http%3A%2F%2Fwww.w3.org%2F2000%2Fsvg%22%20width%3D%22250%22%20height%3D%22333%22%20viewBox%3D%220%200%20250%20333%22%3E%3C%2Fsvg%3E\" loading=\"eager\"><\/span><span class=\"fg-image-overlay\"><\/span><\/a><figcaption class=\"fg-caption\"><div class=\"fg-caption-inner\"><div class=\"fg-caption-desc\">Durante d\u00e9cadas, la \u201cCasa del Habano Partag\u00e1s\u201c, en la antigua f\u00e1brica, fue uno de los lugares preferidos por muchos amantes de los puros para comprar Habanos. La \u201eCasa\u201c se traslad\u00f3 hace unos a\u00f1os.<\/div><\/div><\/figcaption><\/figure><div class=\"fg-loader\"><\/div><\/div><div class=\"fg-item fg-type-image fg-idle\"><figure class=\"fg-item-inner\"><a href=\"https:\/\/origin-of-cigar.com\/wp-content\/uploads\/2025\/10\/Partagas-Eingang-Innen-.jpg\" data-caption-desc=\"Die Eingangshalle der Manufaktur, links daneben die Treppe, die in die oberen Stockwerke f\u00fchrt.\" data-attachment-id=\"799\" data-type=\"image\" class=\"fg-thumb\"><span class=\"fg-image-wrap\"><img decoding=\"async\" alt=\"Vest\u00edbulo de la f\u00e1brica, con la escalera de acceso a los pisos superiores a la izquierda.\" width=\"250\" height=\"381\" class=\"skip-lazy fg-image\" data-src-fg=\"https:\/\/origin-of-cigar.com\/wp-content\/uploads\/cache\/2025\/10\/Partagas-Eingang-Innen-\/3752117726.jpg\" src=\"data:image\/svg+xml,%3Csvg%20xmlns%3D%22http%3A%2F%2Fwww.w3.org%2F2000%2Fsvg%22%20width%3D%22250%22%20height%3D%22381%22%20viewBox%3D%220%200%20250%20381%22%3E%3C%2Fsvg%3E\" loading=\"eager\"><\/span><span class=\"fg-image-overlay\"><\/span><\/a><figcaption class=\"fg-caption\"><div class=\"fg-caption-inner\"><div class=\"fg-caption-desc\">Vest\u00edbulo de la f\u00e1brica, con la escalera de acceso a los pisos superiores a la izquierda.<\/div><\/div><\/figcaption><\/figure><div class=\"fg-loader\"><\/div><\/div><div class=\"fg-item fg-type-image fg-idle\"><figure class=\"fg-item-inner\"><a href=\"https:\/\/origin-of-cigar.com\/wp-content\/uploads\/2025\/10\/Partagas-Giebel_NEU.jpg\" data-caption-desc=\"Der Giebel der Partag\u00e1s-Manufaktur auf der Calle (Stra\u00dfe) Industria No.520. 1845, wie auf dem Giebel angeschrieben, wurde die Marke offiziell eingef\u00fchrt.\" data-attachment-id=\"803\" data-type=\"image\" class=\"fg-thumb\"><span class=\"fg-image-wrap\"><img decoding=\"async\" alt=\"El front\u00f3n de la f\u00e1brica de Partag\u00e1s, en la calle Industria n\u00ba 520. La marca fue lanzada oficialmente en 1845, tal y como est\u00e1 inscrito en el front\u00f3n.\" width=\"250\" height=\"188\" class=\"skip-lazy fg-image\" data-src-fg=\"https:\/\/origin-of-cigar.com\/wp-content\/uploads\/cache\/2025\/10\/Partagas-Giebel_NEU\/4154176394.jpg\" src=\"data:image\/svg+xml,%3Csvg%20xmlns%3D%22http%3A%2F%2Fwww.w3.org%2F2000%2Fsvg%22%20width%3D%22250%22%20height%3D%22188%22%20viewBox%3D%220%200%20250%20188%22%3E%3C%2Fsvg%3E\" loading=\"eager\"><\/span><span class=\"fg-image-overlay\"><\/span><\/a><figcaption class=\"fg-caption\"><div class=\"fg-caption-inner\"><div class=\"fg-caption-desc\">El front\u00f3n de la f\u00e1brica de Partag\u00e1s, en la calle Industria n\u00ba 520. La marca fue lanzada oficialmente en 1845, tal y como est\u00e1 inscrito en el front\u00f3n.<\/div><\/div><\/figcaption><\/figure><div class=\"fg-loader\"><\/div><\/div><div class=\"fg-item fg-type-image fg-idle\"><figure class=\"fg-item-inner\"><a href=\"https:\/\/origin-of-cigar.com\/wp-content\/uploads\/2025\/10\/Partagas-Ind-160-Innen_NEU.jpg\" data-caption-desc=\"Hier, in diesem Haus, soll der unruhige Geist des Patrons Jaime Partag\u00e1s, nach seinem Tod sein Unwesen getrieben haben. Ein katholischer Priester und eine Santera konnten ihn mit geballter Kraft und Glauben vertreiben.\" data-attachment-id=\"806\" data-type=\"image\" class=\"fg-thumb\"><span class=\"fg-image-wrap\"><img decoding=\"async\" alt=\"Aqu\u00ed, en esta casa, se dice que el esp\u00edritu inquieto del patr\u00f3n Jaime Partag\u00e1s caus\u00f3 estragos tras su muerte. Un sacerdote cat\u00f3lico y una santera consiguieron ahuyentarlo con su fuerza y fe combinadas.\" width=\"250\" height=\"354\" class=\"skip-lazy fg-image\" data-src-fg=\"https:\/\/origin-of-cigar.com\/wp-content\/uploads\/cache\/2025\/10\/Partagas-Ind-160-Innen_NEU\/1307608377.jpg\" src=\"data:image\/svg+xml,%3Csvg%20xmlns%3D%22http%3A%2F%2Fwww.w3.org%2F2000%2Fsvg%22%20width%3D%22250%22%20height%3D%22354%22%20viewBox%3D%220%200%20250%20354%22%3E%3C%2Fsvg%3E\" loading=\"eager\"><\/span><span class=\"fg-image-overlay\"><\/span><\/a><figcaption class=\"fg-caption\"><div class=\"fg-caption-inner\"><div class=\"fg-caption-desc\">Aqu\u00ed, en esta casa, se dice que el esp\u00edritu inquieto del patr\u00f3n Jaime Partag\u00e1s caus\u00f3 estragos tras su muerte. Un sacerdote cat\u00f3lico y una santera consiguieron ahuyentarlo con su fuerza y fe combinadas.<\/div><\/div><\/figcaption><\/figure><div class=\"fg-loader\"><\/div><\/div><div class=\"fg-item fg-type-image fg-idle\"><figure class=\"fg-item-inner\"><a href=\"https:\/\/origin-of-cigar.com\/wp-content\/uploads\/2025\/10\/Partagas-Industria-160-und-158_NEU.jpg\" data-caption-desc=\"Im Geb\u00e4ude links, heute die Calle (Stra\u00dfe) Industria No.160, schaltete und waltete Jaime Partag\u00e1s. Erst unter seinen Nachfolgern zog die Manufaktur in das heute ber\u00fchmte Geb\u00e4ude der Calle (Stra\u00dfe) Industria No.520.\" data-attachment-id=\"805\" data-type=\"image\" class=\"fg-thumb\"><span class=\"fg-image-wrap\"><img decoding=\"async\" alt=\"Jaime Partag\u00e1s trabaj\u00f3 en el edificio de la izquierda, actual calle Industria n\u00ba 160. S\u00f3lo con sus sucesores la f\u00e1brica se traslad\u00f3 al hoy famoso edificio de la calle Industria n\u00ba 520.\" width=\"250\" height=\"188\" class=\"skip-lazy fg-image\" data-src-fg=\"https:\/\/origin-of-cigar.com\/wp-content\/uploads\/cache\/2025\/10\/Partagas-Industria-160-und-158_NEU\/1173633198.jpg\" src=\"data:image\/svg+xml,%3Csvg%20xmlns%3D%22http%3A%2F%2Fwww.w3.org%2F2000%2Fsvg%22%20width%3D%22250%22%20height%3D%22188%22%20viewBox%3D%220%200%20250%20188%22%3E%3C%2Fsvg%3E\" loading=\"eager\"><\/span><span class=\"fg-image-overlay\"><\/span><\/a><figcaption class=\"fg-caption\"><div class=\"fg-caption-inner\"><div class=\"fg-caption-desc\">Jaime Partag\u00e1s trabaj\u00f3 en el edificio de la izquierda, actual calle Industria n\u00ba 160. S\u00f3lo con sus sucesores la f\u00e1brica se traslad\u00f3 al hoy famoso edificio de la calle Industria n\u00ba 520.<\/div><\/div><\/figcaption><\/figure><div class=\"fg-loader\"><\/div><\/div><div class=\"fg-item fg-type-image fg-idle\"><figure class=\"fg-item-inner\"><a href=\"https:\/\/origin-of-cigar.com\/wp-content\/uploads\/2025\/10\/Partagas-Rezeption.jpg\" data-caption-desc=\"Dies ist die alte Rezeption, die sich viele Jahre im Eingangsbereich befand.\" data-attachment-id=\"800\" data-type=\"image\" class=\"fg-thumb\"><span class=\"fg-image-wrap\"><img decoding=\"async\" alt=\"Este es el antiguo mostrador de recepci\u00f3n que estuvo situado en la zona de entrada durante muchos a\u00f1os.\" width=\"250\" height=\"452\" class=\"skip-lazy fg-image\" data-src-fg=\"https:\/\/origin-of-cigar.com\/wp-content\/uploads\/cache\/2025\/10\/Partagas-Rezeption\/4293487631.jpg\" src=\"data:image\/svg+xml,%3Csvg%20xmlns%3D%22http%3A%2F%2Fwww.w3.org%2F2000%2Fsvg%22%20width%3D%22250%22%20height%3D%22452%22%20viewBox%3D%220%200%20250%20452%22%3E%3C%2Fsvg%3E\" loading=\"eager\"><\/span><span class=\"fg-image-overlay\"><\/span><\/a><figcaption class=\"fg-caption\"><div class=\"fg-caption-inner\"><div class=\"fg-caption-desc\">Este es el antiguo mostrador de recepci\u00f3n que estuvo situado en la zona de entrada durante muchos a\u00f1os.<\/div><\/div><\/figcaption><\/figure><div class=\"fg-loader\"><\/div><\/div><div class=\"fg-item fg-type-image fg-idle\"><figure class=\"fg-item-inner\"><a href=\"https:\/\/origin-of-cigar.com\/wp-content\/uploads\/2025\/10\/Partagas-Schild-mit-Capitol_NEU.jpg\" data-caption-desc=\"Dieses Schild hing lange an der Fassade der Partag\u00e1s-Manufaktur. Die aktuelle Partag\u00e1s-Manufaktur befindet sich auf der Calle (Stra\u00dfe) San Carlos im Stadtteil Centro Habana.\" data-attachment-id=\"811\" data-type=\"image\" class=\"fg-thumb\"><span class=\"fg-image-wrap\"><img decoding=\"async\" alt=\"Este letrero colg\u00f3 de la fachada de la f\u00e1brica Partag\u00e1s durante mucho tiempo. La actual f\u00e1brica de Partag\u00e1s se encuentra en la calle San Carlos, en el barrio de Centro Habana.\" width=\"250\" height=\"188\" class=\"skip-lazy fg-image\" data-src-fg=\"https:\/\/origin-of-cigar.com\/wp-content\/uploads\/cache\/2025\/10\/Partagas-Schild-mit-Capitol_NEU\/2193943865.jpg\" src=\"data:image\/svg+xml,%3Csvg%20xmlns%3D%22http%3A%2F%2Fwww.w3.org%2F2000%2Fsvg%22%20width%3D%22250%22%20height%3D%22188%22%20viewBox%3D%220%200%20250%20188%22%3E%3C%2Fsvg%3E\" loading=\"eager\"><\/span><span class=\"fg-image-overlay\"><\/span><\/a><figcaption class=\"fg-caption\"><div class=\"fg-caption-inner\"><div class=\"fg-caption-desc\">Este letrero colg\u00f3 de la fachada de la f\u00e1brica Partag\u00e1s durante mucho tiempo. La actual f\u00e1brica de Partag\u00e1s se encuentra en la calle San Carlos, en el barrio de Centro Habana.<\/div><\/div><\/figcaption><\/figure><div class=\"fg-loader\"><\/div><\/div><div class=\"fg-item fg-type-image fg-idle\"><figure class=\"fg-item-inner\"><a href=\"https:\/\/origin-of-cigar.com\/wp-content\/uploads\/2025\/10\/Partagas-Schwelle.jpg\" data-caption-desc=\"Diese Schwelle mit dem Schriftzug Partag\u00e1s befindet sich im Haupteingang, direkt von der Stra\u00dfe aus. Wie viele Menschen sind dar\u00fcber wohl schon geschritten?\" data-attachment-id=\"801\" data-type=\"image\" class=\"fg-thumb\"><span class=\"fg-image-wrap\"><img decoding=\"async\" alt=\"Este umbral con las letras Partag\u00e1s se encuentra en la entrada principal, directamente desde la calle. \u00bfCu\u00e1ntas personas habr\u00e1n pasado por encima?\" width=\"250\" height=\"142\" class=\"skip-lazy fg-image\" data-src-fg=\"https:\/\/origin-of-cigar.com\/wp-content\/uploads\/cache\/2025\/10\/Partagas-Schwelle\/3335246554.jpg\" src=\"data:image\/svg+xml,%3Csvg%20xmlns%3D%22http%3A%2F%2Fwww.w3.org%2F2000%2Fsvg%22%20width%3D%22250%22%20height%3D%22142%22%20viewBox%3D%220%200%20250%20142%22%3E%3C%2Fsvg%3E\" loading=\"eager\"><\/span><span class=\"fg-image-overlay\"><\/span><\/a><figcaption class=\"fg-caption\"><div class=\"fg-caption-inner\"><div class=\"fg-caption-desc\">Este umbral con las letras Partag\u00e1s se encuentra en la entrada principal, directamente desde la calle. \u00bfCu\u00e1ntas personas habr\u00e1n pasado por encima?<\/div><\/div><\/figcaption><\/figure><div class=\"fg-loader\"><\/div><\/div><div class=\"fg-item fg-type-image fg-idle\"><figure class=\"fg-item-inner\"><a href=\"https:\/\/origin-of-cigar.com\/wp-content\/uploads\/2025\/10\/Partagas-Tabakfeld_NEU.jpg\" data-caption-desc=\"Jaime Partag\u00e1s war im Besitz einiger der besten Plantagen der Vuelta Abajo und hatte daher immer Zugriff auf besten Tabak.\" data-attachment-id=\"804\" data-type=\"image\" class=\"fg-thumb\"><span class=\"fg-image-wrap\"><img decoding=\"async\" alt=\"Jaime Partag\u00e1s pose\u00eda algunas de las mejores plantaciones de Vuelta Abajo y, por tanto, siempre ten\u00eda acceso al mejor tabaco.\" width=\"250\" height=\"166\" class=\"skip-lazy fg-image\" data-src-fg=\"https:\/\/origin-of-cigar.com\/wp-content\/uploads\/cache\/2025\/10\/Partagas-Tabakfeld_NEU\/1935960243.jpg\" src=\"data:image\/svg+xml,%3Csvg%20xmlns%3D%22http%3A%2F%2Fwww.w3.org%2F2000%2Fsvg%22%20width%3D%22250%22%20height%3D%22166%22%20viewBox%3D%220%200%20250%20166%22%3E%3C%2Fsvg%3E\" loading=\"eager\"><\/span><span class=\"fg-image-overlay\"><\/span><\/a><figcaption class=\"fg-caption\"><div class=\"fg-caption-inner\"><div class=\"fg-caption-desc\">Jaime Partag\u00e1s pose\u00eda algunas de las mejores plantaciones de Vuelta Abajo y, por tanto, siempre ten\u00eda acceso al mejor tabaco.<\/div><\/div><\/figcaption><\/figure><div class=\"fg-loader\"><\/div><\/div><div class=\"fg-item fg-type-image fg-idle\"><figure class=\"fg-item-inner\"><a href=\"https:\/\/origin-of-cigar.com\/wp-content\/uploads\/2025\/10\/Partagas-Wappen.jpg\" data-caption-desc=\"Schwer zu sagen, wie alt dieses Wappen ist oder aus welcher Zeit es stammt. Vielleicht hat jemand eine Idee?\" data-attachment-id=\"802\" data-type=\"image\" class=\"fg-thumb\"><span class=\"fg-image-wrap\"><img decoding=\"async\" alt=\"Es dif\u00edcil decir cu\u00e1n antiguo es este escudo o de qu\u00e9 \u00e9poca data. \u00bfQuiz\u00e1s alguien tenga una idea?\" width=\"250\" height=\"354\" class=\"skip-lazy fg-image\" data-src-fg=\"https:\/\/origin-of-cigar.com\/wp-content\/uploads\/cache\/2025\/10\/Partagas-Wappen\/2936774590.jpg\" src=\"data:image\/svg+xml,%3Csvg%20xmlns%3D%22http%3A%2F%2Fwww.w3.org%2F2000%2Fsvg%22%20width%3D%22250%22%20height%3D%22354%22%20viewBox%3D%220%200%20250%20354%22%3E%3C%2Fsvg%3E\" loading=\"eager\"><\/span><span class=\"fg-image-overlay\"><\/span><\/a><figcaption class=\"fg-caption\"><div class=\"fg-caption-inner\"><div class=\"fg-caption-desc\">Es dif\u00edcil decir cu\u00e1n antiguo es este escudo o de qu\u00e9 \u00e9poca data. \u00bfQuiz\u00e1s alguien tenga una idea?<\/div><\/div><\/figcaption><\/figure><div class=\"fg-loader\"><\/div><\/div><div class=\"fg-item fg-type-image fg-idle\"><figure class=\"fg-item-inner\"><a href=\"https:\/\/origin-of-cigar.com\/wp-content\/uploads\/2025\/10\/Partagas-Aussen-2003.jpg\" data-caption-desc=\"Die inzwischen ehemalige Manufaktur Partag\u00e1s direkt hinter dem Capitol auf der Calle (Stra\u00dfe) Industria No.520, ehemals No. 174 und 172. Von 1900 bis 2011 wurden hier die ber\u00fchmten Partag\u00e1s- Zigarren gefertigt.\" data-attachment-id=\"824\" data-type=\"image\" class=\"fg-thumb\"><span class=\"fg-image-wrap\"><img decoding=\"async\" alt=\"La antigua f\u00e1brica de Partag\u00e1s, situada justo detr\u00e1s del Capitolio, en la calle Industria n\u00ba 520, antes n\u00ba 174 y 172, donde se elaboraron los famosos puros Partag\u00e1s desde 1900 hasta 2011.\" width=\"250\" height=\"186\" class=\"skip-lazy fg-image\" data-src-fg=\"https:\/\/origin-of-cigar.com\/wp-content\/uploads\/cache\/2025\/10\/Partagas-Aussen-2003\/2165523670.jpg\" src=\"data:image\/svg+xml,%3Csvg%20xmlns%3D%22http%3A%2F%2Fwww.w3.org%2F2000%2Fsvg%22%20width%3D%22250%22%20height%3D%22186%22%20viewBox%3D%220%200%20250%20186%22%3E%3C%2Fsvg%3E\" loading=\"eager\"><\/span><span class=\"fg-image-overlay\"><\/span><\/a><figcaption class=\"fg-caption\"><div class=\"fg-caption-inner\"><div class=\"fg-caption-desc\">La antigua f\u00e1brica de Partag\u00e1s, situada justo detr\u00e1s del Capitolio, en la calle Industria n\u00ba 520, antes n\u00ba 174 y 172, donde se elaboraron los famosos puros Partag\u00e1s desde 1900 hasta 2011.<\/div><\/div><\/figcaption><\/figure><div class=\"fg-loader\"><\/div><\/div><div class=\"fg-item fg-type-image fg-idle\"><figure class=\"fg-item-inner\"><a href=\"https:\/\/origin-of-cigar.com\/wp-content\/uploads\/2025\/10\/Partagas-Patio.jpg\" data-caption-desc=\"Ein Blick in den Patio der ber\u00fchmten Partag\u00e1s-Manufaktur: Auf vier Etagen arbeiteten Torcedores und viele andere flei\u00dfige H\u00e4nde, um unerm\u00fcdliche die weltweit begehrten Partag\u00e1s-Zigarren zu fertigen.\" data-attachment-id=\"808\" data-type=\"image\" class=\"fg-thumb\"><span class=\"fg-image-wrap\"><img decoding=\"async\" alt=\"Una mirada al patio de la famosa f\u00e1brica Partag\u00e1s: torcedores y muchas otras manos trabajadoras laboran incansablemente en cuatro plantas para producir los mundialmente famosos puros Partag\u00e1s.\" width=\"250\" height=\"376\" class=\"skip-lazy fg-image\" data-src-fg=\"https:\/\/origin-of-cigar.com\/wp-content\/uploads\/cache\/2025\/10\/Partagas-Patio\/803552587.jpg\" src=\"data:image\/svg+xml,%3Csvg%20xmlns%3D%22http%3A%2F%2Fwww.w3.org%2F2000%2Fsvg%22%20width%3D%22250%22%20height%3D%22376%22%20viewBox%3D%220%200%20250%20376%22%3E%3C%2Fsvg%3E\" loading=\"eager\"><\/span><span class=\"fg-image-overlay\"><\/span><\/a><figcaption class=\"fg-caption\"><div class=\"fg-caption-inner\"><div class=\"fg-caption-desc\">Una mirada al patio de la famosa f\u00e1brica Partag\u00e1s: torcedores y muchas otras manos trabajadoras laboran incansablemente en cuatro plantas para producir los mundialmente famosos puros Partag\u00e1s.<\/div><\/div><\/figcaption><\/figure><div class=\"fg-loader\"><\/div><\/div><div class=\"fg-item fg-type-image fg-idle\"><figure class=\"fg-item-inner\"><a href=\"https:\/\/origin-of-cigar.com\/wp-content\/uploads\/2025\/10\/partagas_jaime_partagas_ravell.jpg\" data-caption-desc=\"Don Jaime Partag\u00e1s: eine der bedeutendsten Pers\u00f6nlichkeiten der Zigarrenindustrie. Zielstrebig, ehrgeizig, immer auf Erfolg bedacht, mitunter skrupellos.\" data-attachment-id=\"789\" data-type=\"image\" class=\"fg-thumb\"><span class=\"fg-image-wrap\"><img decoding=\"async\" alt=\"Don Jaime Partag\u00e1s: una de las personalidades m\u00e1s importantes de la industria del tabaco. Decidido, ambicioso, siempre dispuesto a triunfar, a veces sin escr\u00fapulos.\" width=\"250\" height=\"337\" class=\"skip-lazy fg-image\" data-src-fg=\"https:\/\/origin-of-cigar.com\/wp-content\/uploads\/cache\/2025\/10\/partagas_jaime_partagas_ravell\/3595616459.jpg\" src=\"data:image\/svg+xml,%3Csvg%20xmlns%3D%22http%3A%2F%2Fwww.w3.org%2F2000%2Fsvg%22%20width%3D%22250%22%20height%3D%22337%22%20viewBox%3D%220%200%20250%20337%22%3E%3C%2Fsvg%3E\" loading=\"eager\"><\/span><span class=\"fg-image-overlay\"><\/span><\/a><figcaption class=\"fg-caption\"><div class=\"fg-caption-inner\"><div class=\"fg-caption-desc\">Don Jaime Partag\u00e1s: una de las personalidades m\u00e1s importantes de la industria del tabaco. Decidido, ambicioso, siempre dispuesto a triunfar, a veces sin escr\u00fapulos.<\/div><\/div><\/figcaption><\/figure><div class=\"fg-loader\"><\/div><\/div><\/div>\n\n\n\n<div style=\"height:41px\" aria-hidden=\"true\" class=\"wp-block-spacer\"><\/div>\n\n\n\n<p>\ud83d\udc49 <strong><a href=\"https:\/\/origin-of-cigar.com\/es\/historia-de-partagas\/\">Lee ahora \ud83d\udc49 Historia de Partag\u00e1s: la singular historia de \u00e9xito de un icono del Habano<\/a><\/strong><\/p>\n\n\n\n<p><strong>Sitio web externo:<\/strong> <a href=\"#\">Retrato de Jaime Partag\u00e1s: <\/a><a href=\"https:\/\/es.wikipedia.org\/wiki\/Jaime_Partag\u00e1s_y_Ravell\" target=\"_blank\" rel=\"noopener\">Wikipedia<\/a><\/p>","protected":false},"excerpt":{"rendered":"<p>Fotos Diese Fotos Partag\u00e1s Galerie zeigt die Zigarrenmarke so, wie es viele vermissen: Innen- und Au\u00dfenaufnahmen aus der Zeit, als das Geb\u00e4ude noch zug\u00e4nglich, farbintensiv&hellip;<\/p>","protected":false},"author":2,"featured_media":0,"parent":1915,"menu_order":0,"comment_status":"closed","ping_status":"closed","template":"","meta":{"om_disable_all_campaigns":false,"_glsr_average":0,"_glsr_ranking":0,"_glsr_reviews":0,"footnotes":""},"class_list":["post-552","page","type-page","status-publish","hentry"],"jetpack_sharing_enabled":true,"_links":{"self":[{"href":"https:\/\/origin-of-cigar.com\/es\/wp-json\/wp\/v2\/pages\/552","targetHints":{"allow":["GET"]}}],"collection":[{"href":"https:\/\/origin-of-cigar.com\/es\/wp-json\/wp\/v2\/pages"}],"about":[{"href":"https:\/\/origin-of-cigar.com\/es\/wp-json\/wp\/v2\/types\/page"}],"author":[{"embeddable":true,"href":"https:\/\/origin-of-cigar.com\/es\/wp-json\/wp\/v2\/users\/2"}],"replies":[{"embeddable":true,"href":"https:\/\/origin-of-cigar.com\/es\/wp-json\/wp\/v2\/comments?post=552"}],"version-history":[{"count":31,"href":"https:\/\/origin-of-cigar.com\/es\/wp-json\/wp\/v2\/pages\/552\/revisions"}],"predecessor-version":[{"id":2584,"href":"https:\/\/origin-of-cigar.com\/es\/wp-json\/wp\/v2\/pages\/552\/revisions\/2584"}],"up":[{"embeddable":true,"href":"https:\/\/origin-of-cigar.com\/es\/wp-json\/wp\/v2\/pages\/1915"}],"wp:attachment":[{"href":"https:\/\/origin-of-cigar.com\/es\/wp-json\/wp\/v2\/media?parent=552"}],"curies":[{"name":"wp","href":"https:\/\/api.w.org\/{rel}","templated":true}]}}