{"id":1556,"date":"2025-11-19T13:23:17","date_gmt":"2025-11-19T13:23:17","guid":{"rendered":"https:\/\/origin-of-cigar.com\/?page_id=1556"},"modified":"2025-12-02T13:33:05","modified_gmt":"2025-12-02T13:33:05","slug":"fotos-la-corona-historia","status":"publish","type":"page","link":"https:\/\/origin-of-cigar.com\/es\/fotos-geschichte-kubanischer-zigarrenmarken\/fotos-la-corona-geschichte\/","title":{"rendered":"Fotos Historia de La Corona"},"content":{"rendered":"<h2 class=\"wp-block-heading\">Fotos<\/h2>\n\n\n\n<p>Las fotos de la historia de La Corona muestran los cambios a lo largo del tiempo y d\u00f3nde se ha producido ya la marca de cigarros en La Habana.<\/p>\n\n\n\n<figure class=\"wp-block-image size-full\"><img loading=\"lazy\" decoding=\"async\" width=\"1000\" height=\"772\" src=\"https:\/\/origin-of-cigar.com\/wp-content\/uploads\/2025\/11\/OOC-Corona-0-Logo-2.jpg\" alt=\"El logotipo de La Corona.\" class=\"wp-image-1534\" srcset=\"https:\/\/origin-of-cigar.com\/wp-content\/uploads\/2025\/11\/OOC-Corona-0-Logo-2.jpg 1000w, https:\/\/origin-of-cigar.com\/wp-content\/uploads\/2025\/11\/OOC-Corona-0-Logo-2-300x232.jpg 300w, https:\/\/origin-of-cigar.com\/wp-content\/uploads\/2025\/11\/OOC-Corona-0-Logo-2-768x593.jpg 768w, https:\/\/origin-of-cigar.com\/wp-content\/uploads\/2025\/11\/OOC-Corona-0-Logo-2-16x12.jpg 16w, https:\/\/origin-of-cigar.com\/wp-content\/uploads\/2025\/11\/OOC-Corona-0-Logo-2-624x482.jpg 624w\" sizes=\"auto, (max-width: 1000px) 100vw, 1000px\" \/><\/figure>\n\n\n\n<h2 class=\"wp-block-heading\">Historia<\/h2>\n\n\n\n<p><br>Esta galer\u00eda conduce al coraz\u00f3n de uno de los templos tabaqueros m\u00e1s antiguos de La Habana. Aqu\u00ed, en los venerables salones del <em>La Corona<\/em> <em>Gran F\u00e1brica de Tabacos<\/em>, artesan\u00eda, historia y orgullo. Entre ventanas altas, p\u00e1tina y el aroma del tabaco fermentado, se han creado innumerables cl\u00e1sicos Habanos - cada uno con el esp\u00edritu de aquellos torcedores que han hecho del nombre La Corona un s\u00edmbolo de la tradici\u00f3n cubana durante generaciones.<br><\/p>\n\n\n\n<p>\ud83d\udc49 <strong><a href=\"https:\/\/origin-of-cigar.com\/es\/historia-de-la-corona\/\">Lee ahora \ud83d\udc49 Historia de La Corona - Ic\u00f3nica: de empresa familiar a imperio de marcas<\/a><\/strong><\/p>\n\n\n<style type=\"text\/css\">\n#foogallery-gallery-1551.fg-masonry .fg-item { width: 250px; }\n#foogallery-gallery-1551.fg-masonry { --fg-gutter: 10px; }<\/style>\n\t\t\t<div class=\"foogallery foogallery-container foogallery-masonry foogallery-lightbox-foogallery fg-center fg-masonry fg-ready fg-dark fg-border-medium fg-round-small fg-shadow-outline fg-loading-default fg-loaded-fade-in fg-hover-semi-zoomed fg-captions-bottom fg-hover-fade fg-hover-zoom4 fg-fixed\" id=\"foogallery-gallery-1551\" data-foogallery=\"{&quot;item&quot;:{&quot;showCaptionTitle&quot;:true,&quot;showCaptionDescription&quot;:true},&quot;lazy&quot;:true,&quot;template&quot;:{&quot;columnWidth&quot;:250,&quot;gutter&quot;:10}}\" data-foogallery-lightbox=\"{&quot;thumbs&quot;:&quot;bottom&quot;,&quot;thumbsCaptions&quot;:false,&quot;thumbsBestFit&quot;:false,&quot;thumbsSmall&quot;:false,&quot;thumbsCaptionsAlign&quot;:&quot;default&quot;,&quot;info&quot;:&quot;bottom&quot;,&quot;infoVisible&quot;:true,&quot;infoOverlay&quot;:true,&quot;infoAlign&quot;:&quot;default&quot;,&quot;transition&quot;:&quot;fade&quot;,&quot;hoverButtons&quot;:false,&quot;fitMedia&quot;:false,&quot;noScrollbars&quot;:true,&quot;preserveButtonSpace&quot;:true,&quot;buttons&quot;:{&quot;fullscreen&quot;:true,&quot;info&quot;:true,&quot;thumbs&quot;:false},&quot;video&quot;:{&quot;autoPlay&quot;:true}}\" style=\"--fg-title-line-clamp: 1; --fg-description-line-clamp: 2;\" >\n\t\t<div class=\"fg-item fg-type-image fg-idle\"><figure class=\"fg-item-inner\"><a href=\"https:\/\/origin-of-cigar.com\/wp-content\/uploads\/2025\/11\/OOC-Corona-0-Logo-1.jpg\" data-caption-desc=\"Das Logo der heutigen Zigarren-Manufaktur La Corona.\" data-attachment-id=\"1533\" data-type=\"image\" class=\"fg-thumb\"><span class=\"fg-image-wrap\"><img decoding=\"async\" alt=\"El logotipo del actual fabricante de puros La Corona.\" width=\"250\" height=\"188\" class=\"skip-lazy fg-image\" data-src-fg=\"https:\/\/origin-of-cigar.com\/wp-content\/uploads\/cache\/2025\/11\/OOC-Corona-0-Logo-1\/3296520491.jpg\" src=\"data:image\/svg+xml,%3Csvg%20xmlns%3D%22http%3A%2F%2Fwww.w3.org%2F2000%2Fsvg%22%20width%3D%22250%22%20height%3D%22188%22%20viewBox%3D%220%200%20250%20188%22%3E%3C%2Fsvg%3E\" loading=\"eager\"><\/span><span class=\"fg-image-overlay\"><\/span><\/a><figcaption class=\"fg-caption\"><div class=\"fg-caption-inner\"><div class=\"fg-caption-desc\">El logotipo del actual fabricante de puros La Corona.<\/div><\/div><\/figcaption><\/figure><div class=\"fg-loader\"><\/div><\/div><div class=\"fg-item fg-type-image fg-idle\"><figure class=\"fg-item-inner\"><a href=\"https:\/\/origin-of-cigar.com\/wp-content\/uploads\/2025\/11\/OOC-Corona-0-Logo-2.jpg\" data-caption-desc=\"Das Logo der Marke La Corona.\" data-attachment-id=\"1534\" data-type=\"image\" class=\"fg-thumb\"><span class=\"fg-image-wrap\"><img decoding=\"async\" alt=\"El logotipo de la marca La Corona.\" width=\"250\" height=\"193\" class=\"skip-lazy fg-image\" data-src-fg=\"https:\/\/origin-of-cigar.com\/wp-content\/uploads\/cache\/2025\/11\/OOC-Corona-0-Logo-2\/2688179317.jpg\" src=\"data:image\/svg+xml,%3Csvg%20xmlns%3D%22http%3A%2F%2Fwww.w3.org%2F2000%2Fsvg%22%20width%3D%22250%22%20height%3D%22193%22%20viewBox%3D%220%200%20250%20193%22%3E%3C%2Fsvg%3E\" loading=\"eager\"><\/span><span class=\"fg-image-overlay\"><\/span><\/a><figcaption class=\"fg-caption\"><div class=\"fg-caption-inner\"><div class=\"fg-caption-desc\">El logotipo de la marca La Corona.<\/div><\/div><\/figcaption><\/figure><div class=\"fg-loader\"><\/div><\/div><div class=\"fg-item fg-type-image fg-idle\"><figure class=\"fg-item-inner\"><a href=\"https:\/\/origin-of-cigar.com\/wp-content\/uploads\/2025\/11\/OOC-Corona-0-Logo-3.jpg\" data-caption-desc=\"Henry Clay: der Name einer kubanischen Marke (Henry Clay selbst war jedoch ein amerikanischer Senator, nach dem die Marke benannt wurde) ist sehr eng mit La Corona verbunden.\" data-attachment-id=\"1535\" data-type=\"image\" class=\"fg-thumb\"><span class=\"fg-image-wrap\"><img fetchpriority=\"high\" decoding=\"async\" alt=\"Henry Clay: el nombre de una marca cubana (el propio Henry Clay, sin embargo, era un senador estadounidense que dio nombre a la marca) est\u00e1 muy asociado a La Corona.\" width=\"250\" height=\"630\" class=\"skip-lazy fg-image\" data-src-fg=\"https:\/\/origin-of-cigar.com\/wp-content\/uploads\/cache\/2025\/11\/OOC-Corona-0-Logo-3\/169369807.jpg\" src=\"data:image\/svg+xml,%3Csvg%20xmlns%3D%22http%3A%2F%2Fwww.w3.org%2F2000%2Fsvg%22%20width%3D%22250%22%20height%3D%22630%22%20viewBox%3D%220%200%20250%20630%22%3E%3C%2Fsvg%3E\" loading=\"eager\"><\/span><span class=\"fg-image-overlay\"><\/span><\/a><figcaption class=\"fg-caption\"><div class=\"fg-caption-inner\"><div class=\"fg-caption-desc\">Henry Clay: el nombre de una marca cubana (el propio Henry Clay, sin embargo, era un senador estadounidense que dio nombre a la marca) est\u00e1 muy asociado a La Corona.<\/div><\/div><\/figcaption><\/figure><div class=\"fg-loader\"><\/div><\/div><div class=\"fg-item fg-type-image fg-idle\"><figure class=\"fg-item-inner\"><a href=\"https:\/\/origin-of-cigar.com\/wp-content\/uploads\/2025\/11\/OOC-Corona-1-Cuba-1.jpg\" data-caption-desc=\"Die allererste Manufaktur der Marke Corona befand sich auf der Calle Cuba No. 29. Wo genau sich damals die No.29 befand, ist nicht mehr exakt bestimmbar, da die Nummerierung ge\u00e4ndert wurde. Es handelte sich um eine sehr kleine Manufaktur, wie bei allen um diese Zeit gegr\u00fcndeten Marken und Fabriken.\" data-attachment-id=\"1536\" data-type=\"image\" class=\"fg-thumb\"><span class=\"fg-image-wrap\"><img decoding=\"async\" alt=\"La primera f\u00e1brica de la marca Corona estaba situada en la calle Cuba n\u00ba 29. Ya no es posible determinar con exactitud d\u00f3nde se encontraba el n\u00ba 29 en aquella \u00e9poca, ya que se cambi\u00f3 la numeraci\u00f3n. Era una f\u00e1brica muy peque\u00f1a, como todas las marcas y f\u00e1bricas fundadas en esa \u00e9poca.\" width=\"250\" height=\"333\" class=\"skip-lazy fg-image\" data-src-fg=\"https:\/\/origin-of-cigar.com\/wp-content\/uploads\/cache\/2025\/11\/OOC-Corona-1-Cuba-1\/4104107119.jpg\" src=\"data:image\/svg+xml,%3Csvg%20xmlns%3D%22http%3A%2F%2Fwww.w3.org%2F2000%2Fsvg%22%20width%3D%22250%22%20height%3D%22333%22%20viewBox%3D%220%200%20250%20333%22%3E%3C%2Fsvg%3E\" loading=\"eager\"><\/span><span class=\"fg-image-overlay\"><\/span><\/a><figcaption class=\"fg-caption\"><div class=\"fg-caption-inner\"><div class=\"fg-caption-desc\">La primera f\u00e1brica de la marca Corona estaba situada en la calle Cuba n\u00ba 29. Ya no es posible determinar con exactitud d\u00f3nde se encontraba el n\u00ba 29 en aquella \u00e9poca, ya que se cambi\u00f3 la numeraci\u00f3n. Era una f\u00e1brica muy peque\u00f1a, como todas las marcas y f\u00e1bricas fundadas en esa \u00e9poca.<\/div><\/div><\/figcaption><\/figure><div class=\"fg-loader\"><\/div><\/div><div class=\"fg-item fg-type-image fg-idle\"><figure class=\"fg-item-inner\"><a href=\"https:\/\/origin-of-cigar.com\/wp-content\/uploads\/2025\/11\/OOC-Corona-2-Aldama-1.jpg\" data-caption-desc=\"Der Palacio-Aldama: ab 1889 die Corona-Manufaktur, lange Jahre in Betrieb und sogar Sitz von Tabacuba s.a.\" data-attachment-id=\"1537\" data-type=\"image\" class=\"fg-thumb\"><span class=\"fg-image-wrap\"><img decoding=\"async\" alt=\"El Palacio-Aldama: desde 1889 la f\u00e1brica Corona, en funcionamiento durante muchos a\u00f1os e incluso sede de Tabacuba s.a.\" width=\"250\" height=\"166\" class=\"skip-lazy fg-image\" data-src-fg=\"https:\/\/origin-of-cigar.com\/wp-content\/uploads\/cache\/2025\/11\/OOC-Corona-2-Aldama-1\/3959444515.jpg\" src=\"data:image\/svg+xml,%3Csvg%20xmlns%3D%22http%3A%2F%2Fwww.w3.org%2F2000%2Fsvg%22%20width%3D%22250%22%20height%3D%22166%22%20viewBox%3D%220%200%20250%20166%22%3E%3C%2Fsvg%3E\" loading=\"eager\"><\/span><span class=\"fg-image-overlay\"><\/span><\/a><figcaption class=\"fg-caption\"><div class=\"fg-caption-inner\"><div class=\"fg-caption-desc\">El Palacio-Aldama: desde 1889 la f\u00e1brica Corona, en funcionamiento durante muchos a\u00f1os e incluso sede de Tabacuba s.a.<\/div><\/div><\/figcaption><\/figure><div class=\"fg-loader\"><\/div><\/div><div class=\"fg-item fg-type-image fg-idle\"><figure class=\"fg-item-inner\"><a href=\"https:\/\/origin-of-cigar.com\/wp-content\/uploads\/2025\/11\/OOC-Corona-2-Aldama-2.jpg\" data-caption-desc=\"Der Palacio Aldama war urspr\u00fcnglich ein Wohnhaus, genauer gesagt sogar zwei. Don Aldama baute ein Haus f\u00fcr sich und ein Haus, direkt anschlie\u00dfend, f\u00fcr seine Tochter und ihren Ehemann.\" data-attachment-id=\"1538\" data-type=\"image\" class=\"fg-thumb\"><span class=\"fg-image-wrap\"><img decoding=\"async\" alt=\"El Palacio Aldama era originalmente una casa, o dos para ser exactos. Don Aldama construy\u00f3 una casa para \u00e9l y otra justo al lado para su hija y el marido de \u00e9sta.\" width=\"250\" height=\"333\" class=\"skip-lazy fg-image\" data-src-fg=\"https:\/\/origin-of-cigar.com\/wp-content\/uploads\/cache\/2025\/11\/OOC-Corona-2-Aldama-2\/1409382737.jpg\" src=\"data:image\/svg+xml,%3Csvg%20xmlns%3D%22http%3A%2F%2Fwww.w3.org%2F2000%2Fsvg%22%20width%3D%22250%22%20height%3D%22333%22%20viewBox%3D%220%200%20250%20333%22%3E%3C%2Fsvg%3E\" loading=\"eager\"><\/span><span class=\"fg-image-overlay\"><\/span><\/a><figcaption class=\"fg-caption\"><div class=\"fg-caption-inner\"><div class=\"fg-caption-desc\">El Palacio Aldama era originalmente una casa, o dos para ser exactos. Don Aldama construy\u00f3 una casa para \u00e9l y otra justo al lado para su hija y el marido de \u00e9sta.<\/div><\/div><\/figcaption><\/figure><div class=\"fg-loader\"><\/div><\/div><div class=\"fg-item fg-type-image fg-idle\"><figure class=\"fg-item-inner\"><a href=\"https:\/\/origin-of-cigar.com\/wp-content\/uploads\/2025\/11\/OOC-Corona-2-Aldama-3.jpg\" data-caption-desc=\"Der Palacio Aldama befindet sich links hinter dem Capitol, das allerdings damals, 1889, noch nicht existierte.\" data-attachment-id=\"1539\" data-type=\"image\" class=\"fg-thumb\"><span class=\"fg-image-wrap\"><img decoding=\"async\" alt=\"El Palacio Aldama se encuentra a la izquierda, detr\u00e1s del Capitolio, que, sin embargo, a\u00fan no exist\u00eda en 1889.\" width=\"250\" height=\"188\" class=\"skip-lazy fg-image\" data-src-fg=\"https:\/\/origin-of-cigar.com\/wp-content\/uploads\/cache\/2025\/11\/OOC-Corona-2-Aldama-3\/1177322086.jpg\" src=\"data:image\/svg+xml,%3Csvg%20xmlns%3D%22http%3A%2F%2Fwww.w3.org%2F2000%2Fsvg%22%20width%3D%22250%22%20height%3D%22188%22%20viewBox%3D%220%200%20250%20188%22%3E%3C%2Fsvg%3E\" loading=\"eager\"><\/span><span class=\"fg-image-overlay\"><\/span><\/a><figcaption class=\"fg-caption\"><div class=\"fg-caption-inner\"><div class=\"fg-caption-desc\">El Palacio Aldama se encuentra a la izquierda, detr\u00e1s del Capitolio, que, sin embargo, a\u00fan no exist\u00eda en 1889.<\/div><\/div><\/figcaption><\/figure><div class=\"fg-loader\"><\/div><\/div><div class=\"fg-item fg-type-image fg-idle\"><figure class=\"fg-item-inner\"><a href=\"https:\/\/origin-of-cigar.com\/wp-content\/uploads\/2025\/11\/OOC-Corona-2-Aldama-4.jpg\" data-caption-desc=\"1882, im Zuge des Unabh\u00e4ngigkeitskrieges, fand im Haus eine Durchsuchung durch das Milit\u00e4r statt. Der Schwiegersohn von Don Aldama stand unter dem Verdacht, mit den Unabh\u00e4ngigkeitsk\u00e4mpfern zu kollaborieren. Die Familie verlie\u00df nach diesem dramatischen Vorfall die Insel.\" data-attachment-id=\"1540\" data-type=\"image\" class=\"fg-thumb\"><span class=\"fg-image-wrap\"><img decoding=\"async\" alt=\"En 1882, durante la Guerra de la Independencia, la casa fue registrada por los militares. El yerno de Don Aldama era sospechoso de colaborar con los independentistas. La familia abandon\u00f3 la isla tras este dram\u00e1tico incidente.\" width=\"250\" height=\"333\" class=\"skip-lazy fg-image\" data-src-fg=\"https:\/\/origin-of-cigar.com\/wp-content\/uploads\/cache\/2025\/11\/OOC-Corona-2-Aldama-4\/690579804.jpg\" src=\"data:image\/svg+xml,%3Csvg%20xmlns%3D%22http%3A%2F%2Fwww.w3.org%2F2000%2Fsvg%22%20width%3D%22250%22%20height%3D%22333%22%20viewBox%3D%220%200%20250%20333%22%3E%3C%2Fsvg%3E\" loading=\"eager\"><\/span><span class=\"fg-image-overlay\"><\/span><\/a><figcaption class=\"fg-caption\"><div class=\"fg-caption-inner\"><div class=\"fg-caption-desc\">En 1882, durante la Guerra de la Independencia, la casa fue registrada por los militares. El yerno de Don Aldama era sospechoso de colaborar con los independentistas. La familia abandon\u00f3 la isla tras este dram\u00e1tico incidente.<\/div><\/div><\/figcaption><\/figure><div class=\"fg-loader\"><\/div><\/div><div class=\"fg-item fg-type-image fg-idle\"><figure class=\"fg-item-inner\"><a href=\"https:\/\/origin-of-cigar.com\/wp-content\/uploads\/2025\/11\/OOC-Corona-3-Eisenpalast-1.jpg\" data-caption-desc=\"Palacio de Hierro \u2013 der Eisenpalast. Riesig, beeindruckend, massiv \u2013 die erste Stahlkonstruktion auf Kuba. Das Geb\u00e4ude steht heute noch.\" data-attachment-id=\"1541\" data-type=\"image\" class=\"fg-thumb\"><span class=\"fg-image-wrap\"><img decoding=\"async\" alt=\"Palacio de Hierro. Enorme, impresionante, macizo: la primera construcci\u00f3n de acero de Cuba. El edificio sigue en pie.\" width=\"250\" height=\"166\" class=\"skip-lazy fg-image\" data-src-fg=\"https:\/\/origin-of-cigar.com\/wp-content\/uploads\/cache\/2025\/11\/OOC-Corona-3-Eisenpalast-1\/2390039350.jpg\" src=\"data:image\/svg+xml,%3Csvg%20xmlns%3D%22http%3A%2F%2Fwww.w3.org%2F2000%2Fsvg%22%20width%3D%22250%22%20height%3D%22166%22%20viewBox%3D%220%200%20250%20166%22%3E%3C%2Fsvg%3E\" loading=\"eager\"><\/span><span class=\"fg-image-overlay\"><\/span><\/a><figcaption class=\"fg-caption\"><div class=\"fg-caption-inner\"><div class=\"fg-caption-desc\">Palacio de Hierro. Enorme, impresionante, macizo: la primera construcci\u00f3n de acero de Cuba. El edificio sigue en pie.<\/div><\/div><\/figcaption><\/figure><div class=\"fg-loader\"><\/div><\/div><div class=\"fg-item fg-type-image fg-idle\"><figure class=\"fg-item-inner\"><a href=\"https:\/\/origin-of-cigar.com\/wp-content\/uploads\/2025\/11\/OOC-Corona-3-Eisenpalast-2.jpg\" data-caption-desc=\"Der Blick in Richtung Malecon: rechts das Geb\u00e4ude mit der Kuppel der pr\u00e4chtige Pr\u00e4sidentenpalast, direkt links nebendran und nur wenig kleiner, der Eisenpalast \u2013 die Corona-Manufaktur ab 1904.\" data-attachment-id=\"1542\" data-type=\"image\" class=\"fg-thumb\"><span class=\"fg-image-wrap\"><img decoding=\"async\" alt=\"La vista en direcci\u00f3n al Malec\u00f3n: a la derecha, el edificio con la c\u00fapula es el magn\u00edfico palacio presidencial, justo a la izquierda y s\u00f3lo un poco m\u00e1s peque\u00f1o, el Palacio de Hierro - la f\u00e1brica Corona de 1904.\" width=\"250\" height=\"111\" class=\"skip-lazy fg-image\" data-src-fg=\"https:\/\/origin-of-cigar.com\/wp-content\/uploads\/cache\/2025\/11\/OOC-Corona-3-Eisenpalast-2\/3241722594.jpg\" src=\"data:image\/svg+xml,%3Csvg%20xmlns%3D%22http%3A%2F%2Fwww.w3.org%2F2000%2Fsvg%22%20width%3D%22250%22%20height%3D%22111%22%20viewBox%3D%220%200%20250%20111%22%3E%3C%2Fsvg%3E\" loading=\"eager\"><\/span><span class=\"fg-image-overlay\"><\/span><\/a><figcaption class=\"fg-caption\"><div class=\"fg-caption-inner\"><div class=\"fg-caption-desc\">La vista en direcci\u00f3n al Malec\u00f3n: a la derecha, el edificio con la c\u00fapula es el magn\u00edfico palacio presidencial, justo a la izquierda y s\u00f3lo un poco m\u00e1s peque\u00f1o, el Palacio de Hierro - la f\u00e1brica Corona de 1904.<\/div><\/div><\/figcaption><\/figure><div class=\"fg-loader\"><\/div><\/div><div class=\"fg-item fg-type-image fg-idle\"><figure class=\"fg-item-inner\"><a href=\"https:\/\/origin-of-cigar.com\/wp-content\/uploads\/2025\/11\/OOC-Corona-3-Eisenpalast-3.jpg\" data-caption-desc=\"Hier der Eingangsbereich der Corona-Manufaktur. \u00dcber die Treppe links gelangte man in die Galera.\" data-attachment-id=\"1543\" data-type=\"image\" class=\"fg-thumb\"><span class=\"fg-image-wrap\"><img decoding=\"async\" alt=\"Aqu\u00ed est\u00e1 la zona de entrada de la Corona-Manufaktur. La escalera de la izquierda conduce a la Galera.\" width=\"250\" height=\"190\" class=\"skip-lazy fg-image\" data-src-fg=\"https:\/\/origin-of-cigar.com\/wp-content\/uploads\/cache\/2025\/11\/OOC-Corona-3-Eisenpalast-3\/4227626414.jpg\" src=\"data:image\/svg+xml,%3Csvg%20xmlns%3D%22http%3A%2F%2Fwww.w3.org%2F2000%2Fsvg%22%20width%3D%22250%22%20height%3D%22190%22%20viewBox%3D%220%200%20250%20190%22%3E%3C%2Fsvg%3E\" loading=\"eager\"><\/span><span class=\"fg-image-overlay\"><\/span><\/a><figcaption class=\"fg-caption\"><div class=\"fg-caption-inner\"><div class=\"fg-caption-desc\">Aqu\u00ed est\u00e1 la zona de entrada de la Corona-Manufaktur. La escalera de la izquierda conduce a la Galera.<\/div><\/div><\/figcaption><\/figure><div class=\"fg-loader\"><\/div><\/div><div class=\"fg-item fg-type-image fg-idle\"><figure class=\"fg-item-inner\"><a href=\"https:\/\/origin-of-cigar.com\/wp-content\/uploads\/2025\/11\/OOC-Corona-3-Eisenpalast-4.jpg\" data-caption-desc=\"Der Pr\u00e4sidentenpalast (links) und die ehemalige Corona-Manufaktur, der Eisenpalast (rechts, einger\u00fcstet) heute: das Geb\u00e4ude wurde komplett entkernt, die Stahlkonstruktion ist unverw\u00fcstlich, ein Luxushotel soll entstehen.\" data-attachment-id=\"1544\" data-type=\"image\" class=\"fg-thumb\"><span class=\"fg-image-wrap\"><img decoding=\"async\" alt=\"El Palacio Presidencial (izquierda) y la antigua f\u00e1brica Corona, el Palacio de Hierro (derecha, con andamios) en la actualidad: el edificio ha sido completamente destruido, la construcci\u00f3n de acero es indestructible, se va a construir un hotel de lujo.\" width=\"250\" height=\"198\" class=\"skip-lazy fg-image\" data-src-fg=\"https:\/\/origin-of-cigar.com\/wp-content\/uploads\/cache\/2025\/11\/OOC-Corona-3-Eisenpalast-4\/1604546890.jpg\" src=\"data:image\/svg+xml,%3Csvg%20xmlns%3D%22http%3A%2F%2Fwww.w3.org%2F2000%2Fsvg%22%20width%3D%22250%22%20height%3D%22198%22%20viewBox%3D%220%200%20250%20198%22%3E%3C%2Fsvg%3E\" loading=\"eager\"><\/span><span class=\"fg-image-overlay\"><\/span><\/a><figcaption class=\"fg-caption\"><div class=\"fg-caption-inner\"><div class=\"fg-caption-desc\">El Palacio Presidencial (izquierda) y la antigua f\u00e1brica Corona, el Palacio de Hierro (derecha, con andamios) en la actualidad: el edificio ha sido completamente destruido, la construcci\u00f3n de acero es indestructible, se va a construir un hotel de lujo.<\/div><\/div><\/figcaption><\/figure><div class=\"fg-loader\"><\/div><\/div><div class=\"fg-item fg-type-image fg-idle\"><figure class=\"fg-item-inner\"><a href=\"https:\/\/origin-of-cigar.com\/wp-content\/uploads\/2025\/11\/OOC-Corona-3-Eisenpalast-5.jpg\" data-caption-desc=\"In der Corona-Manufaktur befand sich gleich links neben dem Eingang eine Casa del Habano, in der Zigarren gekauft werden konnten.\" data-attachment-id=\"1545\" data-type=\"image\" class=\"fg-thumb\"><span class=\"fg-image-wrap\"><img decoding=\"async\" alt=\"A la izquierda de la entrada de la f\u00e1brica Corona hab\u00eda una Casa del Habano, donde se pod\u00edan comprar puros.\" width=\"250\" height=\"169\" class=\"skip-lazy fg-image\" data-src-fg=\"https:\/\/origin-of-cigar.com\/wp-content\/uploads\/cache\/2025\/11\/OOC-Corona-3-Eisenpalast-5\/1701299718.jpg\" src=\"data:image\/svg+xml,%3Csvg%20xmlns%3D%22http%3A%2F%2Fwww.w3.org%2F2000%2Fsvg%22%20width%3D%22250%22%20height%3D%22169%22%20viewBox%3D%220%200%20250%20169%22%3E%3C%2Fsvg%3E\" loading=\"eager\"><\/span><span class=\"fg-image-overlay\"><\/span><\/a><figcaption class=\"fg-caption\"><div class=\"fg-caption-inner\"><div class=\"fg-caption-desc\">A la izquierda de la entrada de la f\u00e1brica Corona hab\u00eda una Casa del Habano, donde se pod\u00edan comprar puros.<\/div><\/div><\/figcaption><\/figure><div class=\"fg-loader\"><\/div><\/div><div class=\"fg-item fg-type-image fg-idle\"><figure class=\"fg-item-inner\"><a href=\"https:\/\/origin-of-cigar.com\/wp-content\/uploads\/2025\/11\/OOC-Corona-4-Mayo-1.jpg\" data-caption-desc=\"Seit 2005 befindet sich die Corona-Manufaktur in diesem Geb\u00e4ude auf der Avenida 20 de Mayo, eine ehemalige H.Upmann-Zigarettenfabrik.\" data-attachment-id=\"1546\" data-type=\"image\" class=\"fg-thumb\"><span class=\"fg-image-wrap\"><img decoding=\"async\" alt=\"Desde 2005, la Corona-Manufaktur se encuentra en este edificio de la Avenida 20 de Mayo, antigua f\u00e1brica de cigarrillos H.Upmann.\" width=\"250\" height=\"211\" class=\"skip-lazy fg-image\" data-src-fg=\"https:\/\/origin-of-cigar.com\/wp-content\/uploads\/cache\/2025\/11\/OOC-Corona-4-Mayo-1\/348431720.jpg\" src=\"data:image\/svg+xml,%3Csvg%20xmlns%3D%22http%3A%2F%2Fwww.w3.org%2F2000%2Fsvg%22%20width%3D%22250%22%20height%3D%22211%22%20viewBox%3D%220%200%20250%20211%22%3E%3C%2Fsvg%3E\" loading=\"eager\"><\/span><span class=\"fg-image-overlay\"><\/span><\/a><figcaption class=\"fg-caption\"><div class=\"fg-caption-inner\"><div class=\"fg-caption-desc\">Desde 2005, la Corona-Manufaktur se encuentra en este edificio de la Avenida 20 de Mayo, antigua f\u00e1brica de cigarrillos H.Upmann.<\/div><\/div><\/figcaption><\/figure><div class=\"fg-loader\"><\/div><\/div><div class=\"fg-item fg-type-image fg-idle\"><figure class=\"fg-item-inner\"><a href=\"https:\/\/origin-of-cigar.com\/wp-content\/uploads\/2025\/11\/OOC-Corona-4-Mayo-2.jpg\" data-caption-desc=\"Die Corona-Manufaktur ist eine der gr\u00f6\u00dften Manufakturen Havannas.\" data-attachment-id=\"1547\" data-type=\"image\" class=\"fg-thumb\"><span class=\"fg-image-wrap\"><img decoding=\"async\" alt=\"La F\u00e1brica Corona es una de las mayores de La Habana.\" width=\"250\" height=\"191\" class=\"skip-lazy fg-image\" data-src-fg=\"https:\/\/origin-of-cigar.com\/wp-content\/uploads\/cache\/2025\/11\/OOC-Corona-4-Mayo-2\/4240678575.jpg\" src=\"data:image\/svg+xml,%3Csvg%20xmlns%3D%22http%3A%2F%2Fwww.w3.org%2F2000%2Fsvg%22%20width%3D%22250%22%20height%3D%22191%22%20viewBox%3D%220%200%20250%20191%22%3E%3C%2Fsvg%3E\" loading=\"eager\"><\/span><span class=\"fg-image-overlay\"><\/span><\/a><figcaption class=\"fg-caption\"><div class=\"fg-caption-inner\"><div class=\"fg-caption-desc\">La F\u00e1brica Corona es una de las mayores de La Habana.<\/div><\/div><\/figcaption><\/figure><div class=\"fg-loader\"><\/div><\/div><div class=\"fg-item fg-type-image fg-idle\"><figure class=\"fg-item-inner\"><a href=\"https:\/\/origin-of-cigar.com\/wp-content\/uploads\/2025\/11\/OOC-Corona-4-Mayo-3.jpg\" data-caption-desc=\"Die Fabriken haben heutzutage zwei Namen: den Namen der Marke, in diesem Fall La Corona. Als zweiten Namen tragen die Manufakturen meist den eines Revolution\u00e4rs oder Volkshelden.\" data-attachment-id=\"1548\" data-type=\"image\" class=\"fg-thumb\"><span class=\"fg-image-wrap\"><img decoding=\"async\" alt=\"Hoy en d\u00eda, las f\u00e1bricas tienen dos nombres: el de la marca, en este caso La Corona. Como segundo nombre, las f\u00e1bricas suelen llevar el de un h\u00e9roe revolucionario o nacional.\" width=\"250\" height=\"333\" class=\"skip-lazy fg-image\" data-src-fg=\"https:\/\/origin-of-cigar.com\/wp-content\/uploads\/cache\/2025\/11\/OOC-Corona-4-Mayo-3\/1476641070.jpg\" src=\"data:image\/svg+xml,%3Csvg%20xmlns%3D%22http%3A%2F%2Fwww.w3.org%2F2000%2Fsvg%22%20width%3D%22250%22%20height%3D%22333%22%20viewBox%3D%220%200%20250%20333%22%3E%3C%2Fsvg%3E\" loading=\"eager\"><\/span><span class=\"fg-image-overlay\"><\/span><\/a><figcaption class=\"fg-caption\"><div class=\"fg-caption-inner\"><div class=\"fg-caption-desc\">Hoy en d\u00eda, las f\u00e1bricas tienen dos nombres: el de la marca, en este caso La Corona. Como segundo nombre, las f\u00e1bricas suelen llevar el de un h\u00e9roe revolucionario o nacional.<\/div><\/div><\/figcaption><\/figure><div class=\"fg-loader\"><\/div><\/div><div class=\"fg-item fg-type-image fg-idle\"><figure class=\"fg-item-inner\"><a href=\"https:\/\/origin-of-cigar.com\/wp-content\/uploads\/2025\/11\/OOC-Corona-4-Mayo-4.jpg\" data-caption-desc=\"Die Galera in der Corona-Manufaktur: Hunderte Torcedores rollen hier begehrte Habanos. Die Corona-Manufaktur ist die Casa Matriz, das Stammhaus, verschiedener Habanos-Marken.\" data-attachment-id=\"1549\" data-type=\"image\" class=\"fg-thumb\"><span class=\"fg-image-wrap\"><img decoding=\"async\" alt=\"La Galera en la f\u00e1brica de Corona: cientos de torcedores enrollan aqu\u00ed los codiciados Habanos. La f\u00e1brica Corona es la Casa Matriz, matriz de varias marcas de Habanos.\" width=\"250\" height=\"188\" class=\"skip-lazy fg-image\" data-src-fg=\"https:\/\/origin-of-cigar.com\/wp-content\/uploads\/cache\/2025\/11\/OOC-Corona-4-Mayo-4\/877589523.jpg\" src=\"data:image\/svg+xml,%3Csvg%20xmlns%3D%22http%3A%2F%2Fwww.w3.org%2F2000%2Fsvg%22%20width%3D%22250%22%20height%3D%22188%22%20viewBox%3D%220%200%20250%20188%22%3E%3C%2Fsvg%3E\" loading=\"eager\"><\/span><span class=\"fg-image-overlay\"><\/span><\/a><figcaption class=\"fg-caption\"><div class=\"fg-caption-inner\"><div class=\"fg-caption-desc\">La Galera en la f\u00e1brica de Corona: cientos de torcedores enrollan aqu\u00ed los codiciados Habanos. La f\u00e1brica Corona es la Casa Matriz, matriz de varias marcas de Habanos.<\/div><\/div><\/figcaption><\/figure><div class=\"fg-loader\"><\/div><\/div><div class=\"fg-item fg-type-image fg-idle\"><figure class=\"fg-item-inner\"><a href=\"https:\/\/origin-of-cigar.com\/wp-content\/uploads\/2025\/11\/OOC-Corona-4-Mayo-5.jpg\" data-caption-desc=\"Offiziell hei\u00dft die Corona-Manfaktur auch \u201eEmpresa de Tabaco Torcido Miguel Fernandez Roig\u201c. Er war der F\u00fchrer der Arbeiterbewegung in der Manufaktur und wurde 1948 erschossen.\" data-attachment-id=\"1550\" data-type=\"image\" class=\"fg-thumb\"><span class=\"fg-image-wrap\"><img decoding=\"async\" alt=\"Oficialmente, la f\u00e1brica de Corona tambi\u00e9n se llama \u201eEmpresa de Tabaco Torcido Miguel Fern\u00e1ndez Roig\u201c. Era el l\u00edder del movimiento obrero de la f\u00e1brica y fue fusilado en 1948.\" width=\"250\" height=\"166\" class=\"skip-lazy fg-image\" data-src-fg=\"https:\/\/origin-of-cigar.com\/wp-content\/uploads\/cache\/2025\/11\/OOC-Corona-4-Mayo-5\/548030950.jpg\" src=\"data:image\/svg+xml,%3Csvg%20xmlns%3D%22http%3A%2F%2Fwww.w3.org%2F2000%2Fsvg%22%20width%3D%22250%22%20height%3D%22166%22%20viewBox%3D%220%200%20250%20166%22%3E%3C%2Fsvg%3E\" loading=\"eager\"><\/span><span class=\"fg-image-overlay\"><\/span><\/a><figcaption class=\"fg-caption\"><div class=\"fg-caption-inner\"><div class=\"fg-caption-desc\">Oficialmente, la f\u00e1brica de Corona tambi\u00e9n se llama \u201eEmpresa de Tabaco Torcido Miguel Fern\u00e1ndez Roig\u201c. Era el l\u00edder del movimiento obrero de la f\u00e1brica y fue fusilado en 1948.<\/div><\/div><\/figcaption><\/figure><div class=\"fg-loader\"><\/div><\/div><\/div>\n\n\n\n<div style=\"height:41px\" aria-hidden=\"true\" class=\"wp-block-spacer\"><\/div>\n\n\n\n<p>\ud83d\udc49 <strong><a href=\"https:\/\/origin-of-cigar.com\/es\/historia-de-la-corona\/\">Lee ahora \ud83d\udc49 Historia de La Corona - Ic\u00f3nica: de empresa familiar a imperio de marcas<\/a><\/strong><\/p>\n\n\n\n<p><strong>Sitio web externo:<\/strong> <a href=\"https:\/\/www.cubancigarwebsite.com\/brand\/la-corona\" target=\"_blank\" rel=\"noopener\">Vitolas de La Corona en cubancigarwebsite.com<\/a><\/p>","protected":false},"excerpt":{"rendered":"<p>Fotos Die Fotos La Corona Geschichte zeigen die Wandlung der Zeit und wo die Zigarrenmarke in Havanna schon produziert wurde. Geschichte Diese Galerie f\u00fchrt in&hellip;<\/p>","protected":false},"author":2,"featured_media":0,"parent":1915,"menu_order":0,"comment_status":"closed","ping_status":"closed","template":"","meta":{"om_disable_all_campaigns":false,"_glsr_average":0,"_glsr_ranking":0,"_glsr_reviews":0,"footnotes":""},"class_list":["post-1556","page","type-page","status-publish","hentry"],"jetpack_sharing_enabled":true,"_links":{"self":[{"href":"https:\/\/origin-of-cigar.com\/es\/wp-json\/wp\/v2\/pages\/1556","targetHints":{"allow":["GET"]}}],"collection":[{"href":"https:\/\/origin-of-cigar.com\/es\/wp-json\/wp\/v2\/pages"}],"about":[{"href":"https:\/\/origin-of-cigar.com\/es\/wp-json\/wp\/v2\/types\/page"}],"author":[{"embeddable":true,"href":"https:\/\/origin-of-cigar.com\/es\/wp-json\/wp\/v2\/users\/2"}],"replies":[{"embeddable":true,"href":"https:\/\/origin-of-cigar.com\/es\/wp-json\/wp\/v2\/comments?post=1556"}],"version-history":[{"count":2,"href":"https:\/\/origin-of-cigar.com\/es\/wp-json\/wp\/v2\/pages\/1556\/revisions"}],"predecessor-version":[{"id":1559,"href":"https:\/\/origin-of-cigar.com\/es\/wp-json\/wp\/v2\/pages\/1556\/revisions\/1559"}],"up":[{"embeddable":true,"href":"https:\/\/origin-of-cigar.com\/es\/wp-json\/wp\/v2\/pages\/1915"}],"wp:attachment":[{"href":"https:\/\/origin-of-cigar.com\/es\/wp-json\/wp\/v2\/media?parent=1556"}],"curies":[{"name":"wp","href":"https:\/\/api.w.org\/{rel}","templated":true}]}}